{"id":4978,"date":"2024-04-16T11:47:53","date_gmt":"2024-04-16T09:47:53","guid":{"rendered":"https:\/\/speaktotheworld.ch\/spanischkurse-neuchatel\/"},"modified":"2024-04-19T22:43:29","modified_gmt":"2024-04-19T20:43:29","slug":"spanischkurse-neuchatel","status":"publish","type":"page","link":"https:\/\/speaktotheworld.ch\/de\/spanischkurse-neuchatel\/","title":{"rendered":"Spanischkurse Neuch\u00e2tel"},"content":{"rendered":"\t\t<div data-elementor-type=\"wp-page\" data-elementor-id=\"4978\" class=\"elementor elementor-4978 elementor-4648\">\n\t\t\t\t\t\t<section class=\"elementor-section elementor-top-section elementor-element elementor-element-be87025 elementor-section-boxed elementor-section-height-default elementor-section-height-default\" data-id=\"be87025\" data-element_type=\"section\" data-e-type=\"section\" data-settings=\"{&quot;background_background&quot;:&quot;classic&quot;}\">\n\t\t\t\t\t\t<div class=\"elementor-container elementor-column-gap-default\">\n\t\t\t\t\t<div class=\"elementor-column elementor-col-100 elementor-top-column elementor-element elementor-element-0e5547d\" data-id=\"0e5547d\" data-element_type=\"column\" data-e-type=\"column\">\n\t\t\t<div class=\"elementor-widget-wrap elementor-element-populated\">\n\t\t\t\t\t\t<div class=\"elementor-element elementor-element-3e13558 elementor-widget elementor-widget-heading\" data-id=\"3e13558\" data-element_type=\"widget\" data-e-type=\"widget\" data-widget_type=\"heading.default\">\n\t\t\t\t<div class=\"elementor-widget-container\">\n\t\t\t\t\t<h1 class=\"elementor-heading-title elementor-size-default\">Spanischkurse Neuch\u00e2tel  <\/h1>\t\t\t\t<\/div>\n\t\t\t\t<\/div>\n\t\t\t\t<div class=\"elementor-element elementor-element-2de9575 elementor-widget elementor-widget-heading\" data-id=\"2de9575\" data-element_type=\"widget\" data-e-type=\"widget\" data-widget_type=\"heading.default\">\n\t\t\t\t<div class=\"elementor-widget-container\">\n\t\t\t\t\t<span class=\"elementor-heading-title elementor-size-default\">Speak to the World ... <span class=\"active\">auf Spanisch<\/span>!<\/span>\t\t\t\t<\/div>\n\t\t\t\t<\/div>\n\t\t\t\t<div class=\"elementor-element elementor-element-fbe285a elementor-widget__width-initial elementor-widget-tablet__width-inherit elementor-widget elementor-widget-text-editor\" data-id=\"fbe285a\" data-element_type=\"widget\" data-e-type=\"widget\" data-widget_type=\"text-editor.default\">\n\t\t\t\t<div class=\"elementor-widget-container\">\n\t\t\t\t\t\t\t\t\t<p>Entdecken Sie <strong>Privatunterricht f\u00fcr alle Niveaus in Spanisch in Neuch\u00e2tel<\/strong>, der auf einem innovativen Ansatz basiert, der das Eintauchen in die Kultur mit dem Erlernen der Sprache verbindet.<\/p>\n\t\t\t\t\t\t\t\t<\/div>\n\t\t\t\t<\/div>\n\t\t\t\t\t<\/div>\n\t\t<\/div>\n\t\t\t\t\t<\/div>\n\t\t<\/section>\n\t\t\t\t<section class=\"elementor-section elementor-top-section elementor-element elementor-element-44251ea elementor-section-content-middle elementor-section-stretched elementor-section-boxed elementor-section-height-default elementor-section-height-default\" data-id=\"44251ea\" data-element_type=\"section\" data-e-type=\"section\" data-settings=\"{&quot;stretch_section&quot;:&quot;section-stretched&quot;,&quot;background_background&quot;:&quot;classic&quot;}\">\n\t\t\t\t\t\t<div class=\"elementor-container elementor-column-gap-no\">\n\t\t\t\t\t<div class=\"elementor-column elementor-col-50 elementor-top-column elementor-element elementor-element-7808160 elementor-invisible\" data-id=\"7808160\" data-element_type=\"column\" data-e-type=\"column\" data-settings=\"{&quot;animation&quot;:&quot;fadeInLeft&quot;}\">\n\t\t\t<div class=\"elementor-widget-wrap elementor-element-populated\">\n\t\t\t\t\t\t<div class=\"elementor-element elementor-element-8975556 elementor-widget elementor-widget-heading\" data-id=\"8975556\" data-element_type=\"widget\" data-e-type=\"widget\" data-widget_type=\"heading.default\">\n\t\t\t\t<div class=\"elementor-widget-container\">\n\t\t\t\t\t<h2 class=\"elementor-heading-title elementor-size-default\">Spanischkurse in Neuch\u00e2tel<\/h2>\t\t\t\t<\/div>\n\t\t\t\t<\/div>\n\t\t\t\t<div class=\"elementor-element elementor-element-426be36 elementor-widget elementor-widget-heading\" data-id=\"426be36\" data-element_type=\"widget\" data-e-type=\"widget\" data-widget_type=\"heading.default\">\n\t\t\t\t<div class=\"elementor-widget-container\">\n\t\t\t\t\t<span class=\"elementor-heading-title elementor-size-default\">Hallo, mein Name ist <span class=\"active\">Nicole<\/span><\/span>\t\t\t\t<\/div>\n\t\t\t\t<\/div>\n\t\t\t\t<div class=\"elementor-element elementor-element-6758b33 elementor-widget__width-initial elementor-widget-tablet__width-inherit elementor-widget elementor-widget-text-editor\" data-id=\"6758b33\" data-element_type=\"widget\" data-e-type=\"widget\" data-widget_type=\"text-editor.default\">\n\t\t\t\t<div class=\"elementor-widget-container\">\n\t\t\t\t\t\t\t\t\t<p>Mein Werdegang f\u00fchrte mich ins Ausland, wo ich das Privileg hatte, die Sprachen, Kultur und Geschichte verschiedener L\u00e4nder zu erkunden und meine Identit\u00e4t durch meine Erfahrungen in Berlin, London, Madrid und Brasilien zu pr\u00e4gen. Inspiriert von diesem reichen interkulturellen Austausch habe ich 2023 die Sprachschule Speak to the World gegr\u00fcndet, um Ihnen die T\u00fcren der Welt zu \u00f6ffnen.<\/p>\n\t\t\t\t\t\t\t\t<\/div>\n\t\t\t\t<\/div>\n\t\t\t\t<div class=\"elementor-element elementor-element-e6e01c2 elementor-icon-list--layout-traditional elementor-list-item-link-full_width elementor-widget elementor-widget-icon-list\" data-id=\"e6e01c2\" data-element_type=\"widget\" data-e-type=\"widget\" data-widget_type=\"icon-list.default\">\n\t\t\t\t<div class=\"elementor-widget-container\">\n\t\t\t\t\t\t\t<ul class=\"elementor-icon-list-items\">\n\t\t\t\t\t\t\t<li class=\"elementor-icon-list-item\">\n\t\t\t\t\t\t\t\t\t\t\t<span class=\"elementor-icon-list-icon\">\n\t\t\t\t\t\t\t<i aria-hidden=\"true\" class=\"far fa-check-circle\"><\/i>\t\t\t\t\t\t<\/span>\n\t\t\t\t\t\t\t\t\t\t<span class=\"elementor-icon-list-text\">Spanischkurse in Neuch\u00e2tel f\u00fcr Privatpersonen und Berufst\u00e4tige  <\/span>\n\t\t\t\t\t\t\t\t\t<\/li>\n\t\t\t\t\t\t\t\t<li class=\"elementor-icon-list-item\">\n\t\t\t\t\t\t\t\t\t\t\t<span class=\"elementor-icon-list-icon\">\n\t\t\t\t\t\t\t<i aria-hidden=\"true\" class=\"far fa-check-circle\"><\/i>\t\t\t\t\t\t<\/span>\n\t\t\t\t\t\t\t\t\t\t<span class=\"elementor-icon-list-text\">Sprachliche Meisterschaft und kulturelle Immersion  <\/span>\n\t\t\t\t\t\t\t\t\t<\/li>\n\t\t\t\t\t\t\t\t<li class=\"elementor-icon-list-item\">\n\t\t\t\t\t\t\t\t\t\t\t<span class=\"elementor-icon-list-icon\">\n\t\t\t\t\t\t\t<i aria-hidden=\"true\" class=\"far fa-check-circle\"><\/i>\t\t\t\t\t\t<\/span>\n\t\t\t\t\t\t\t\t\t\t<span class=\"elementor-icon-list-text\">Einzigartige OPAH-Lernmethode in der Schweiz  <\/span>\n\t\t\t\t\t\t\t\t\t<\/li>\n\t\t\t\t\t\t<\/ul>\n\t\t\t\t\t\t<\/div>\n\t\t\t\t<\/div>\n\t\t\t\t<div class=\"elementor-element elementor-element-8550c14 elementor-widget__width-initial elementor-widget-tablet__width-inherit elementor-widget elementor-widget-text-editor\" data-id=\"8550c14\" data-element_type=\"widget\" data-e-type=\"widget\" data-widget_type=\"text-editor.default\">\n\t\t\t\t<div class=\"elementor-widget-container\">\n\t\t\t\t\t\t\t\t\t<p>Ich biete in Neuenburg Einzelunterricht in Spanisch f\u00fcr alle Niveaustufen, Pr\u00e4senzunterricht, Unterricht in der Schule, Unterricht zu Hause, Unterricht in der Firma oder Online-Unterricht.<\/p>\n\t\t\t\t\t\t\t\t<\/div>\n\t\t\t\t<\/div>\n\t\t\t\t<div class=\"elementor-element elementor-element-214b3ab elementor-widget elementor-widget-button\" data-id=\"214b3ab\" data-element_type=\"widget\" data-e-type=\"widget\" data-widget_type=\"button.default\">\n\t\t\t\t<div class=\"elementor-widget-container\">\n\t\t\t\t\t\t\t\t\t<div class=\"elementor-button-wrapper\">\n\t\t\t\t\t<a class=\"elementor-button elementor-button-link elementor-size-sm elementor-animation-skew-forward\" href=\"https:\/\/speaktotheworld.ch\/de\/kontaktieren-sie-uns\/\">\n\t\t\t\t\t\t<span class=\"elementor-button-content-wrapper\">\n\t\t\t\t\t\t<span class=\"elementor-button-icon\">\n\t\t\t\t<i aria-hidden=\"true\" class=\"et-icon et-right-arrow-2\"><\/i>\t\t\t<\/span>\n\t\t\t\t\t\t\t\t\t<span class=\"elementor-button-text\">Kontakt<\/span>\n\t\t\t\t\t<\/span>\n\t\t\t\t\t<\/a>\n\t\t\t\t<\/div>\n\t\t\t\t\t\t\t\t<\/div>\n\t\t\t\t<\/div>\n\t\t\t\t\t<\/div>\n\t\t<\/div>\n\t\t\t\t<div class=\"elementor-column elementor-col-50 elementor-top-column elementor-element elementor-element-cb7340e elementor-invisible\" data-id=\"cb7340e\" data-element_type=\"column\" data-e-type=\"column\" data-settings=\"{&quot;animation&quot;:&quot;fadeInRight&quot;}\">\n\t\t\t<div class=\"elementor-widget-wrap elementor-element-populated\">\n\t\t\t\t\t\t<div class=\"elementor-element elementor-element-3f41a25 elementor-widget elementor-widget-image\" data-id=\"3f41a25\" data-element_type=\"widget\" data-e-type=\"widget\" data-widget_type=\"image.default\">\n\t\t\t\t<div class=\"elementor-widget-container\">\n\t\t\t\t\t\t\t\t\t\t\t\t\t\t\t<img loading=\"lazy\" loading=\"lazy\" decoding=\"async\" width=\"1365\" height=\"2048\" src=\"https:\/\/speaktotheworld.ch\/wp-content\/uploads\/2023\/12\/Orange13-1365x2048.jpg\" class=\"attachment-2048x2048 size-2048x2048 wp-image-4060\" alt=\"cours d&#039;espagnol Neuch\u00e2tel\" srcset=\"https:\/\/speaktotheworld.ch\/wp-content\/uploads\/2023\/12\/Orange13-1365x2048.jpg 1365w, https:\/\/speaktotheworld.ch\/wp-content\/uploads\/2023\/12\/Orange13-scaled-600x900.jpg 600w, https:\/\/speaktotheworld.ch\/wp-content\/uploads\/2023\/12\/Orange13-200x300.jpg 200w, https:\/\/speaktotheworld.ch\/wp-content\/uploads\/2023\/12\/Orange13-683x1024.jpg 683w, https:\/\/speaktotheworld.ch\/wp-content\/uploads\/2023\/12\/Orange13-768x1152.jpg 768w, https:\/\/speaktotheworld.ch\/wp-content\/uploads\/2023\/12\/Orange13-1024x1536.jpg 1024w, https:\/\/speaktotheworld.ch\/wp-content\/uploads\/2023\/12\/Orange13-1x1.jpg 1w, https:\/\/speaktotheworld.ch\/wp-content\/uploads\/2023\/12\/Orange13-7x10.jpg 7w, https:\/\/speaktotheworld.ch\/wp-content\/uploads\/2023\/12\/Orange13-scaled.jpg 1707w\" sizes=\"auto, (max-width: 1365px) 100vw, 1365px\" \/>\t\t\t\t\t\t\t\t\t\t\t\t\t\t\t<\/div>\n\t\t\t\t<\/div>\n\t\t\t\t\t<\/div>\n\t\t<\/div>\n\t\t\t\t\t<\/div>\n\t\t<\/section>\n\t\t\t\t<section class=\"elementor-section elementor-top-section elementor-element elementor-element-8c754f5 elementor-section-boxed elementor-section-height-default elementor-section-height-default elementor-invisible\" data-id=\"8c754f5\" data-element_type=\"section\" data-e-type=\"section\" data-settings=\"{&quot;animation&quot;:&quot;fadeInUp&quot;}\">\n\t\t\t\t\t\t<div class=\"elementor-container elementor-column-gap-no\">\n\t\t\t\t\t<div class=\"elementor-column elementor-col-100 elementor-top-column elementor-element elementor-element-eb6d4f3\" data-id=\"eb6d4f3\" data-element_type=\"column\" data-e-type=\"column\">\n\t\t\t<div class=\"elementor-widget-wrap elementor-element-populated\">\n\t\t\t\t\t\t<div class=\"elementor-element elementor-element-97f1b5e elementor-widget elementor-widget-heading\" data-id=\"97f1b5e\" data-element_type=\"widget\" data-e-type=\"widget\" data-widget_type=\"heading.default\">\n\t\t\t\t<div class=\"elementor-widget-container\">\n\t\t\t\t\t<div class=\"elementor-heading-title elementor-size-default\">Unsere Leistungen<\/div>\t\t\t\t<\/div>\n\t\t\t\t<\/div>\n\t\t\t\t\t<\/div>\n\t\t<\/div>\n\t\t\t\t\t<\/div>\n\t\t<\/section>\n\t\t\t\t<section class=\"elementor-section elementor-top-section elementor-element elementor-element-2ddfb26 elementor-section-stretched elementor-section-boxed elementor-section-height-default elementor-section-height-default elementor-invisible\" data-id=\"2ddfb26\" data-element_type=\"section\" data-e-type=\"section\" data-settings=\"{&quot;stretch_section&quot;:&quot;section-stretched&quot;,&quot;animation&quot;:&quot;fadeInUp&quot;}\">\n\t\t\t\t\t\t<div class=\"elementor-container elementor-column-gap-no\">\n\t\t\t\t\t<div class=\"elementor-column elementor-col-100 elementor-top-column elementor-element elementor-element-2aa8d72\" data-id=\"2aa8d72\" data-element_type=\"column\" data-e-type=\"column\">\n\t\t\t<div class=\"elementor-widget-wrap elementor-element-populated\">\n\t\t\t\t\t\t<div class=\"elementor-element elementor-element-4c24a49 elementor-widget elementor-widget-et-general-tabs\" data-id=\"4c24a49\" data-element_type=\"widget\" data-e-type=\"widget\" data-widget_type=\"et-general-tabs.default\">\n\t\t\t\t<div class=\"elementor-widget-container\">\n\t\t\t\t\t        <div id=\"et-advance-tabs-4c24a49\" class=\"et-advance-tabs et-tabs-horizontal  horizontal-style-1 responsive-vertical-layout\" data-tabid=\"4c24a49\">\n            <div class=\"et-tabs-nav\">\n                <ul class=\"et-tab-top-icon\">\n\t\t\t\t\t                        <li class=\"inactive et-tab-nav\"\n                            >\n                            \t\t\t\t\t\t\t                                    <img decoding=\"async\" src=\"https:\/\/sttw.webosa-swiss.ch\/wp-content\/uploads\/2023\/07\/speak.png\" alt=\"cours pour adultes\">\n\t\t\t\t\t\t\t\t\t\t\t\t\t\t\t\t                        \t\t\t\t\t\t\t\t\t\t\t\t\t\t                                <span class=\"et-tab-title\">\n    \t\t\t\t\t\t\t\tKurse f\u00fcr Erwachsene    \t\t\t\t\t\t\t<\/span>\n\t\t\t\t\t\t\t                        <\/li>\n\t\t\t\t\t                        <li class=\"inactive et-tab-nav\"\n                            >\n                            \t\t\t\t\t\t\t                                    <img decoding=\"async\" src=\"https:\/\/sttw.webosa-swiss.ch\/wp-content\/uploads\/2023\/06\/ecole-1.png\" alt=\"Cours pour enfants (5 \u00e0 10 ans)\">\n\t\t\t\t\t\t\t\t\t\t\t\t\t\t\t\t                        \t\t\t\t\t\t\t\t\t\t\t\t\t\t                                <span class=\"et-tab-title\">\n    \t\t\t\t\t\t\t\tKurse f\u00fcr Kinder (5 bis 10 Jahre)    \t\t\t\t\t\t\t<\/span>\n\t\t\t\t\t\t\t                        <\/li>\n\t\t\t\t\t                        <li class=\"inactive et-tab-nav\"\n                            >\n                            \t\t\t\t\t\t\t                                    <img decoding=\"async\" src=\"https:\/\/sttw.webosa-swiss.ch\/wp-content\/uploads\/2023\/07\/collaborer.png\" alt=\"Int\u00e9gration linguistique\">\n\t\t\t\t\t\t\t\t\t\t\t\t\t\t\t\t                        \t\t\t\t\t\t\t\t\t\t\t\t\t\t                                <span class=\"et-tab-title\">\n    \t\t\t\t\t\t\t\tSprachliche Integration    \t\t\t\t\t\t\t<\/span>\n\t\t\t\t\t\t\t                        <\/li>\n\t\t\t\t\t                        <li class=\"inactive et-tab-nav\"\n                            >\n                            \t\t\t\t\t\t\t                                    <img decoding=\"async\" src=\"https:\/\/sttw.webosa-swiss.ch\/wp-content\/uploads\/2023\/06\/mallette-1.png\" alt=\"cours de langues pour les entreprises\">\n\t\t\t\t\t\t\t\t\t\t\t\t\t\t\t\t                        \t\t\t\t\t\t\t\t\t\t\t\t\t\t                                <span class=\"et-tab-title\">\n    \t\t\t\t\t\t\t\tF\u00fcr Unternehmen    \t\t\t\t\t\t\t<\/span>\n\t\t\t\t\t\t\t                        <\/li>\n\t\t\t\t\t                <\/ul>\n                            <\/div>\n            <div class=\"et-tabs-content\">\n\t\t\t\t                    <div class=\"clearfix inactive\">\n\t\t\t\t\t\t\t\t<div data-elementor-type=\"wp-post\" data-elementor-id=\"3978\" class=\"elementor elementor-3978 elementor-936 elementor-936\">\n\t\t\t\t\t\t<section class=\"elementor-section elementor-top-section elementor-element elementor-element-42f7fb6 elementor-section-content-middle elementor-section-boxed elementor-section-height-default elementor-section-height-default\" data-id=\"42f7fb6\" data-element_type=\"section\" data-e-type=\"section\">\n\t\t\t\t\t\t<div class=\"elementor-container elementor-column-gap-no\">\n\t\t\t\t\t<div class=\"elementor-column elementor-col-50 elementor-top-column elementor-element elementor-element-e6af87a\" data-id=\"e6af87a\" data-element_type=\"column\" data-e-type=\"column\">\n\t\t\t<div class=\"elementor-widget-wrap elementor-element-populated\">\n\t\t\t\t\t\t<div class=\"elementor-element elementor-element-d2a652a elementor-widget elementor-widget-image\" data-id=\"d2a652a\" data-element_type=\"widget\" data-e-type=\"widget\" data-widget_type=\"image.default\">\n\t\t\t\t<div class=\"elementor-widget-container\">\n\t\t\t\t\t\t\t\t\t\t\t\t\t\t\t<img loading=\"lazy\" loading=\"lazy\" decoding=\"async\" width=\"612\" height=\"408\" src=\"https:\/\/speaktotheworld.ch\/wp-content\/uploads\/2023\/07\/Adult_course.jpeg\" class=\"attachment-full size-full wp-image-3129\" alt=\"Cours de langues pour adultes\" srcset=\"https:\/\/speaktotheworld.ch\/wp-content\/uploads\/2023\/07\/Adult_course.jpeg 612w, https:\/\/speaktotheworld.ch\/wp-content\/uploads\/2023\/07\/Adult_course-600x400.jpeg 600w, https:\/\/speaktotheworld.ch\/wp-content\/uploads\/2023\/07\/Adult_course-300x200.jpeg 300w, https:\/\/speaktotheworld.ch\/wp-content\/uploads\/2023\/07\/Adult_course-1x1.jpeg 1w, https:\/\/speaktotheworld.ch\/wp-content\/uploads\/2023\/07\/Adult_course-10x7.jpeg 10w\" sizes=\"auto, (max-width: 612px) 100vw, 612px\" \/>\t\t\t\t\t\t\t\t\t\t\t\t\t\t\t<\/div>\n\t\t\t\t<\/div>\n\t\t\t\t\t<\/div>\n\t\t<\/div>\n\t\t\t\t<div class=\"elementor-column elementor-col-50 elementor-top-column elementor-element elementor-element-010c2e6\" data-id=\"010c2e6\" data-element_type=\"column\" data-e-type=\"column\">\n\t\t\t<div class=\"elementor-widget-wrap elementor-element-populated\">\n\t\t\t\t\t\t<div class=\"elementor-element elementor-element-109d5ca elementor-widget elementor-widget-heading\" data-id=\"109d5ca\" data-element_type=\"widget\" data-e-type=\"widget\" data-widget_type=\"heading.default\">\n\t\t\t\t<div class=\"elementor-widget-container\">\n\t\t\t\t\t<h2 class=\"elementor-heading-title elementor-size-default\">Sprachkurse f\u00fcr Erwachsene <\/h2>\t\t\t\t<\/div>\n\t\t\t\t<\/div>\n\t\t\t\t<div class=\"elementor-element elementor-element-ab9ed0a elementor-widget elementor-widget-text-editor\" data-id=\"ab9ed0a\" data-element_type=\"widget\" data-e-type=\"widget\" data-widget_type=\"text-editor.default\">\n\t\t\t\t<div class=\"elementor-widget-container\">\n\t\t\t\t\t\t\t\t\t<p>Haben Sie Angst davor, sich in einer Fremdsprache auszudr\u00fccken? Dieser Kurs ist f\u00fcr Sie gemacht!<\/p>\n<p>Egal, ob Sie bereits \u00fcber Grundkenntnisse in Franz\u00f6sisch, Spanisch, Englisch oder Portugiesisch verf\u00fcgen, unser Ziel ist es, Ihnen zu mehr Gewandtheit und Selbstvertrauen zu verhelfen, wobei der Schwerpunkt auf dem m\u00fcndlichen Ausdruck liegt.<\/p>\n\t\t\t\t\t\t\t\t<\/div>\n\t\t\t\t<\/div>\n\t\t\t\t<section class=\"elementor-section elementor-inner-section elementor-element elementor-element-65f7d3b elementor-section-boxed elementor-section-height-default elementor-section-height-default\" data-id=\"65f7d3b\" data-element_type=\"section\" data-e-type=\"section\">\n\t\t\t\t\t\t<div class=\"elementor-container elementor-column-gap-no\">\n\t\t\t\t\t<div class=\"elementor-column elementor-col-50 elementor-inner-column elementor-element elementor-element-d6da483\" data-id=\"d6da483\" data-element_type=\"column\" data-e-type=\"column\">\n\t\t\t<div class=\"elementor-widget-wrap elementor-element-populated\">\n\t\t\t\t\t\t<div class=\"elementor-element elementor-element-12d751d elementor-align-start elementor-icon-list--layout-traditional elementor-list-item-link-full_width elementor-widget elementor-widget-icon-list\" data-id=\"12d751d\" data-element_type=\"widget\" data-e-type=\"widget\" data-widget_type=\"icon-list.default\">\n\t\t\t\t<div class=\"elementor-widget-container\">\n\t\t\t\t\t\t\t<ul class=\"elementor-icon-list-items\">\n\t\t\t\t\t\t\t<li class=\"elementor-icon-list-item\">\n\t\t\t\t\t\t\t\t\t\t\t<span class=\"elementor-icon-list-icon\">\n\t\t\t\t\t\t\t<i aria-hidden=\"true\" class=\"et-icon et-checked\"><\/i>\t\t\t\t\t\t<\/span>\n\t\t\t\t\t\t\t\t\t\t<span class=\"elementor-icon-list-text\">Englisch<\/span>\n\t\t\t\t\t\t\t\t\t<\/li>\n\t\t\t\t\t\t\t\t<li class=\"elementor-icon-list-item\">\n\t\t\t\t\t\t\t\t\t\t\t<span class=\"elementor-icon-list-icon\">\n\t\t\t\t\t\t\t<i aria-hidden=\"true\" class=\"et-icon et-checked\"><\/i>\t\t\t\t\t\t<\/span>\n\t\t\t\t\t\t\t\t\t\t<span class=\"elementor-icon-list-text\">Deutsch<\/span>\n\t\t\t\t\t\t\t\t\t<\/li>\n\t\t\t\t\t\t\t\t<li class=\"elementor-icon-list-item\">\n\t\t\t\t\t\t\t\t\t\t\t<span class=\"elementor-icon-list-icon\">\n\t\t\t\t\t\t\t<i aria-hidden=\"true\" class=\"et-icon et-checked\"><\/i>\t\t\t\t\t\t<\/span>\n\t\t\t\t\t\t\t\t\t\t<span class=\"elementor-icon-list-text\">Portugiesisch (BR)<\/span>\n\t\t\t\t\t\t\t\t\t<\/li>\n\t\t\t\t\t\t<\/ul>\n\t\t\t\t\t\t<\/div>\n\t\t\t\t<\/div>\n\t\t\t\t\t<\/div>\n\t\t<\/div>\n\t\t\t\t<div class=\"elementor-column elementor-col-50 elementor-inner-column elementor-element elementor-element-d407aec\" data-id=\"d407aec\" data-element_type=\"column\" data-e-type=\"column\">\n\t\t\t<div class=\"elementor-widget-wrap elementor-element-populated\">\n\t\t\t\t\t\t<div class=\"elementor-element elementor-element-0d304be elementor-align-start elementor-icon-list--layout-traditional elementor-list-item-link-full_width elementor-widget elementor-widget-icon-list\" data-id=\"0d304be\" data-element_type=\"widget\" data-e-type=\"widget\" data-widget_type=\"icon-list.default\">\n\t\t\t\t<div class=\"elementor-widget-container\">\n\t\t\t\t\t\t\t<ul class=\"elementor-icon-list-items\">\n\t\t\t\t\t\t\t<li class=\"elementor-icon-list-item\">\n\t\t\t\t\t\t\t\t\t\t\t<span class=\"elementor-icon-list-icon\">\n\t\t\t\t\t\t\t<i aria-hidden=\"true\" class=\"et-icon et-checked\"><\/i>\t\t\t\t\t\t<\/span>\n\t\t\t\t\t\t\t\t\t\t<span class=\"elementor-icon-list-text\">Spanisch<\/span>\n\t\t\t\t\t\t\t\t\t<\/li>\n\t\t\t\t\t\t<\/ul>\n\t\t\t\t\t\t<\/div>\n\t\t\t\t<\/div>\n\t\t\t\t\t<\/div>\n\t\t<\/div>\n\t\t\t\t\t<\/div>\n\t\t<\/section>\n\t\t\t\t<div class=\"elementor-element elementor-element-d3513ba elementor-widget elementor-widget-button\" data-id=\"d3513ba\" data-element_type=\"widget\" data-e-type=\"widget\" data-widget_type=\"button.default\">\n\t\t\t\t<div class=\"elementor-widget-container\">\n\t\t\t\t\t\t\t\t\t<div class=\"elementor-button-wrapper\">\n\t\t\t\t\t<a class=\"elementor-button elementor-button-link elementor-size-md\" href=\"https:\/\/speaktotheworld.ch\/de\/produkt\/kurse-fuer-erwachsene\/\">\n\t\t\t\t\t\t<span class=\"elementor-button-content-wrapper\">\n\t\t\t\t\t\t<span class=\"elementor-button-icon\">\n\t\t\t\t\t\t\t<\/span>\n\t\t\t\t\t\t\t\t\t<span class=\"elementor-button-text\">Details anzeigen<\/span>\n\t\t\t\t\t<\/span>\n\t\t\t\t\t<\/a>\n\t\t\t\t<\/div>\n\t\t\t\t\t\t\t\t<\/div>\n\t\t\t\t<\/div>\n\t\t\t\t\t<\/div>\n\t\t<\/div>\n\t\t\t\t\t<\/div>\n\t\t<\/section>\n\t\t\t\t<\/div>\n\t\t                    <\/div>\n\t\t\t\t                    <div class=\"clearfix inactive\">\n\t\t\t\t\t\t\t\t<div data-elementor-type=\"wp-post\" data-elementor-id=\"3969\" class=\"elementor elementor-3969 elementor-1018 elementor-1018\">\n\t\t\t\t\t\t<section class=\"elementor-section elementor-top-section elementor-element elementor-element-66a24218 elementor-section-content-middle elementor-section-boxed elementor-section-height-default elementor-section-height-default\" data-id=\"66a24218\" data-element_type=\"section\" data-e-type=\"section\">\n\t\t\t\t\t\t<div class=\"elementor-container elementor-column-gap-no\">\n\t\t\t\t\t<div class=\"elementor-column elementor-col-50 elementor-top-column elementor-element elementor-element-3ba15147\" data-id=\"3ba15147\" data-element_type=\"column\" data-e-type=\"column\">\n\t\t\t<div class=\"elementor-widget-wrap elementor-element-populated\">\n\t\t\t\t\t\t<div class=\"elementor-element elementor-element-67b42c91 elementor-widget elementor-widget-image\" data-id=\"67b42c91\" data-element_type=\"widget\" data-e-type=\"widget\" data-widget_type=\"image.default\">\n\t\t\t\t<div class=\"elementor-widget-container\">\n\t\t\t\t\t\t\t\t\t\t\t\t\t\t\t<img loading=\"lazy\" loading=\"lazy\" decoding=\"async\" width=\"2560\" height=\"1707\" src=\"https:\/\/speaktotheworld.ch\/wp-content\/uploads\/2024\/06\/cours-enfants-scaled.jpg\" class=\"attachment-full size-full wp-image-5472\" alt=\"\" srcset=\"https:\/\/speaktotheworld.ch\/wp-content\/uploads\/2024\/06\/cours-enfants-scaled.jpg 2560w, https:\/\/speaktotheworld.ch\/wp-content\/uploads\/2024\/06\/cours-enfants-scaled-600x400.jpg 600w\" sizes=\"auto, (max-width: 2560px) 100vw, 2560px\" \/>\t\t\t\t\t\t\t\t\t\t\t\t\t\t\t<\/div>\n\t\t\t\t<\/div>\n\t\t\t\t\t<\/div>\n\t\t<\/div>\n\t\t\t\t<div class=\"elementor-column elementor-col-50 elementor-top-column elementor-element elementor-element-17fc87aa\" data-id=\"17fc87aa\" data-element_type=\"column\" data-e-type=\"column\">\n\t\t\t<div class=\"elementor-widget-wrap elementor-element-populated\">\n\t\t\t\t\t\t<div class=\"elementor-element elementor-element-32b34ede elementor-widget elementor-widget-heading\" data-id=\"32b34ede\" data-element_type=\"widget\" data-e-type=\"widget\" data-widget_type=\"heading.default\">\n\t\t\t\t<div class=\"elementor-widget-container\">\n\t\t\t\t\t<h2 class=\"elementor-heading-title elementor-size-default\">Kurse f\u00fcr Kinder (5 bis 10 Jahre)<\/h2>\t\t\t\t<\/div>\n\t\t\t\t<\/div>\n\t\t\t\t<div class=\"elementor-element elementor-element-35e88b08 elementor-widget elementor-widget-text-editor\" data-id=\"35e88b08\" data-element_type=\"widget\" data-e-type=\"widget\" data-widget_type=\"text-editor.default\">\n\t\t\t\t<div class=\"elementor-widget-container\">\n\t\t\t\t\t\t\t\t\t<p>In diesem Kurs soll das Lernen durch spielerische Aktivit\u00e4ten wie Geschichten, Lieder oder Spiele erleichtert werden, wodurch schnell ein einfacher und praktischer Wortschatz erworben wird.<\/p>\n\t\t\t\t\t\t\t\t<\/div>\n\t\t\t\t<\/div>\n\t\t\t\t<section class=\"elementor-section elementor-inner-section elementor-element elementor-element-3cb6f3ef elementor-section-boxed elementor-section-height-default elementor-section-height-default\" data-id=\"3cb6f3ef\" data-element_type=\"section\" data-e-type=\"section\">\n\t\t\t\t\t\t<div class=\"elementor-container elementor-column-gap-no\">\n\t\t\t\t\t<div class=\"elementor-column elementor-col-50 elementor-inner-column elementor-element elementor-element-7b59ed0c\" data-id=\"7b59ed0c\" data-element_type=\"column\" data-e-type=\"column\">\n\t\t\t<div class=\"elementor-widget-wrap elementor-element-populated\">\n\t\t\t\t\t\t<div class=\"elementor-element elementor-element-4ee82cf9 elementor-align-start elementor-icon-list--layout-traditional elementor-list-item-link-full_width elementor-widget elementor-widget-icon-list\" data-id=\"4ee82cf9\" data-element_type=\"widget\" data-e-type=\"widget\" data-widget_type=\"icon-list.default\">\n\t\t\t\t<div class=\"elementor-widget-container\">\n\t\t\t\t\t\t\t<ul class=\"elementor-icon-list-items\">\n\t\t\t\t\t\t\t<li class=\"elementor-icon-list-item\">\n\t\t\t\t\t\t\t\t\t\t\t<span class=\"elementor-icon-list-icon\">\n\t\t\t\t\t\t\t<i aria-hidden=\"true\" class=\"et-icon et-checked\"><\/i>\t\t\t\t\t\t<\/span>\n\t\t\t\t\t\t\t\t\t\t<span class=\"elementor-icon-list-text\">Spanisch<\/span>\n\t\t\t\t\t\t\t\t\t<\/li>\n\t\t\t\t\t\t\t\t<li class=\"elementor-icon-list-item\">\n\t\t\t\t\t\t\t\t\t\t\t<span class=\"elementor-icon-list-icon\">\n\t\t\t\t\t\t\t<i aria-hidden=\"true\" class=\"et-icon et-checked\"><\/i>\t\t\t\t\t\t<\/span>\n\t\t\t\t\t\t\t\t\t\t<span class=\"elementor-icon-list-text\">Portugiesisch (BR)<\/span>\n\t\t\t\t\t\t\t\t\t<\/li>\n\t\t\t\t\t\t<\/ul>\n\t\t\t\t\t\t<\/div>\n\t\t\t\t<\/div>\n\t\t\t\t\t<\/div>\n\t\t<\/div>\n\t\t\t\t<div class=\"elementor-column elementor-col-50 elementor-inner-column elementor-element elementor-element-2a13017a\" data-id=\"2a13017a\" data-element_type=\"column\" data-e-type=\"column\">\n\t\t\t<div class=\"elementor-widget-wrap\">\n\t\t\t\t\t\t\t<\/div>\n\t\t<\/div>\n\t\t\t\t\t<\/div>\n\t\t<\/section>\n\t\t\t\t<div class=\"elementor-element elementor-element-2fff75e4 elementor-widget elementor-widget-button\" data-id=\"2fff75e4\" data-element_type=\"widget\" data-e-type=\"widget\" data-widget_type=\"button.default\">\n\t\t\t\t<div class=\"elementor-widget-container\">\n\t\t\t\t\t\t\t\t\t<div class=\"elementor-button-wrapper\">\n\t\t\t\t\t<a class=\"elementor-button elementor-button-link elementor-size-md\" href=\"https:\/\/speaktotheworld.ch\/de\/produkt\/kurse-fuer-kinder-5-bis-10-jahre\/\">\n\t\t\t\t\t\t<span class=\"elementor-button-content-wrapper\">\n\t\t\t\t\t\t<span class=\"elementor-button-icon\">\n\t\t\t\t\t\t\t<\/span>\n\t\t\t\t\t\t\t\t\t<span class=\"elementor-button-text\">Details anzeigen<\/span>\n\t\t\t\t\t<\/span>\n\t\t\t\t\t<\/a>\n\t\t\t\t<\/div>\n\t\t\t\t\t\t\t\t<\/div>\n\t\t\t\t<\/div>\n\t\t\t\t\t<\/div>\n\t\t<\/div>\n\t\t\t\t\t<\/div>\n\t\t<\/section>\n\t\t\t\t<\/div>\n\t\t                    <\/div>\n\t\t\t\t                    <div class=\"clearfix inactive\">\n\t\t\t\t\t\t\t\t<div data-elementor-type=\"wp-post\" data-elementor-id=\"3961\" class=\"elementor elementor-3961 elementor-1019 elementor-1019\">\n\t\t\t\t\t\t<section class=\"elementor-section elementor-top-section elementor-element elementor-element-5b401f8e elementor-section-content-middle elementor-section-boxed elementor-section-height-default elementor-section-height-default\" data-id=\"5b401f8e\" data-element_type=\"section\" data-e-type=\"section\">\n\t\t\t\t\t\t<div class=\"elementor-container elementor-column-gap-no\">\n\t\t\t\t\t<div class=\"elementor-column elementor-col-50 elementor-top-column elementor-element elementor-element-3e918fd\" data-id=\"3e918fd\" data-element_type=\"column\" data-e-type=\"column\">\n\t\t\t<div class=\"elementor-widget-wrap elementor-element-populated\">\n\t\t\t\t\t\t<div class=\"elementor-element elementor-element-3950b3fa elementor-widget elementor-widget-image\" data-id=\"3950b3fa\" data-element_type=\"widget\" data-e-type=\"widget\" data-widget_type=\"image.default\">\n\t\t\t\t<div class=\"elementor-widget-container\">\n\t\t\t\t\t\t\t\t\t\t\t\t\t\t\t<img loading=\"lazy\" loading=\"lazy\" decoding=\"async\" width=\"2560\" height=\"1707\" src=\"https:\/\/speaktotheworld.ch\/wp-content\/uploads\/2024\/06\/immersion-linguistique-scaled.jpg\" class=\"attachment-full size-full wp-image-5477\" alt=\"\" srcset=\"https:\/\/speaktotheworld.ch\/wp-content\/uploads\/2024\/06\/immersion-linguistique-scaled.jpg 2560w, https:\/\/speaktotheworld.ch\/wp-content\/uploads\/2024\/06\/immersion-linguistique-scaled-600x400.jpg 600w, https:\/\/speaktotheworld.ch\/wp-content\/uploads\/2024\/06\/immersion-linguistique-300x200.jpg 300w, https:\/\/speaktotheworld.ch\/wp-content\/uploads\/2024\/06\/immersion-linguistique-1024x683.jpg 1024w, https:\/\/speaktotheworld.ch\/wp-content\/uploads\/2024\/06\/immersion-linguistique-768x512.jpg 768w, https:\/\/speaktotheworld.ch\/wp-content\/uploads\/2024\/06\/immersion-linguistique-1536x1024.jpg 1536w, https:\/\/speaktotheworld.ch\/wp-content\/uploads\/2024\/06\/immersion-linguistique-2048x1365.jpg 2048w, https:\/\/speaktotheworld.ch\/wp-content\/uploads\/2024\/06\/immersion-linguistique-1x1.jpg 1w, https:\/\/speaktotheworld.ch\/wp-content\/uploads\/2024\/06\/immersion-linguistique-10x7.jpg 10w\" sizes=\"auto, (max-width: 2560px) 100vw, 2560px\" \/>\t\t\t\t\t\t\t\t\t\t\t\t\t\t\t<\/div>\n\t\t\t\t<\/div>\n\t\t\t\t\t<\/div>\n\t\t<\/div>\n\t\t\t\t<div class=\"elementor-column elementor-col-50 elementor-top-column elementor-element elementor-element-61e2485\" data-id=\"61e2485\" data-element_type=\"column\" data-e-type=\"column\">\n\t\t\t<div class=\"elementor-widget-wrap elementor-element-populated\">\n\t\t\t\t\t\t<div class=\"elementor-element elementor-element-28e98e05 elementor-widget elementor-widget-heading\" data-id=\"28e98e05\" data-element_type=\"widget\" data-e-type=\"widget\" data-widget_type=\"heading.default\">\n\t\t\t\t<div class=\"elementor-widget-container\">\n\t\t\t\t\t<h2 class=\"elementor-heading-title elementor-size-default\">Eintauchen in die Sprache<\/h2>\t\t\t\t<\/div>\n\t\t\t\t<\/div>\n\t\t\t\t<div class=\"elementor-element elementor-element-18a11933 elementor-widget elementor-widget-text-editor\" data-id=\"18a11933\" data-element_type=\"widget\" data-e-type=\"widget\" data-widget_type=\"text-editor.default\">\n\t\t\t\t<div class=\"elementor-widget-container\">\n\t\t\t\t\t\t\t\t\t<p>Der Sprachimmersionskurs ist f\u00fcr Personen gedacht, die nicht franz\u00f6sisch sprechen, insbesondere f\u00fcr Ehepartner von Auswanderern, die die franz\u00f6sische Sprache sowohl m\u00fcndlich als auch schriftlich beherrschen m\u00f6chten.<\/p>\n\t\t\t\t\t\t\t\t<\/div>\n\t\t\t\t<\/div>\n\t\t\t\t<section class=\"elementor-section elementor-inner-section elementor-element elementor-element-44e6d395 elementor-section-boxed elementor-section-height-default elementor-section-height-default\" data-id=\"44e6d395\" data-element_type=\"section\" data-e-type=\"section\">\n\t\t\t\t\t\t<div class=\"elementor-container elementor-column-gap-no\">\n\t\t\t\t\t<div class=\"elementor-column elementor-col-50 elementor-inner-column elementor-element elementor-element-3328a7a9\" data-id=\"3328a7a9\" data-element_type=\"column\" data-e-type=\"column\">\n\t\t\t<div class=\"elementor-widget-wrap elementor-element-populated\">\n\t\t\t\t\t\t<div class=\"elementor-element elementor-element-18c78da2 elementor-align-start elementor-icon-list--layout-traditional elementor-list-item-link-full_width elementor-widget elementor-widget-icon-list\" data-id=\"18c78da2\" data-element_type=\"widget\" data-e-type=\"widget\" data-widget_type=\"icon-list.default\">\n\t\t\t\t<div class=\"elementor-widget-container\">\n\t\t\t\t\t\t\t<ul class=\"elementor-icon-list-items\">\n\t\t\t\t\t\t\t<li class=\"elementor-icon-list-item\">\n\t\t\t\t\t\t\t\t\t\t\t<span class=\"elementor-icon-list-icon\">\n\t\t\t\t\t\t\t<i aria-hidden=\"true\" class=\"et-icon et-checked\"><\/i>\t\t\t\t\t\t<\/span>\n\t\t\t\t\t\t\t\t\t\t<span class=\"elementor-icon-list-text\">Franz\u00f6sisch<\/span>\n\t\t\t\t\t\t\t\t\t<\/li>\n\t\t\t\t\t\t<\/ul>\n\t\t\t\t\t\t<\/div>\n\t\t\t\t<\/div>\n\t\t\t\t\t<\/div>\n\t\t<\/div>\n\t\t\t\t<div class=\"elementor-column elementor-col-50 elementor-inner-column elementor-element elementor-element-5a231722\" data-id=\"5a231722\" data-element_type=\"column\" data-e-type=\"column\">\n\t\t\t<div class=\"elementor-widget-wrap\">\n\t\t\t\t\t\t\t<\/div>\n\t\t<\/div>\n\t\t\t\t\t<\/div>\n\t\t<\/section>\n\t\t\t\t<div class=\"elementor-element elementor-element-30791c87 elementor-widget elementor-widget-button\" data-id=\"30791c87\" data-element_type=\"widget\" data-e-type=\"widget\" data-widget_type=\"button.default\">\n\t\t\t\t<div class=\"elementor-widget-container\">\n\t\t\t\t\t\t\t\t\t<div class=\"elementor-button-wrapper\">\n\t\t\t\t\t<a class=\"elementor-button elementor-button-link elementor-size-md\" href=\"https:\/\/speaktotheworld.ch\/de\/produkt\/eintauchen-in-die-sprache\/\">\n\t\t\t\t\t\t<span class=\"elementor-button-content-wrapper\">\n\t\t\t\t\t\t<span class=\"elementor-button-icon\">\n\t\t\t\t\t\t\t<\/span>\n\t\t\t\t\t\t\t\t\t<span class=\"elementor-button-text\">Details anzeigen<\/span>\n\t\t\t\t\t<\/span>\n\t\t\t\t\t<\/a>\n\t\t\t\t<\/div>\n\t\t\t\t\t\t\t\t<\/div>\n\t\t\t\t<\/div>\n\t\t\t\t\t<\/div>\n\t\t<\/div>\n\t\t\t\t\t<\/div>\n\t\t<\/section>\n\t\t\t\t<\/div>\n\t\t                    <\/div>\n\t\t\t\t                    <div class=\"clearfix inactive\">\n\t\t\t\t\t\t\t\t<div data-elementor-type=\"wp-post\" data-elementor-id=\"3953\" class=\"elementor elementor-3953 elementor-1020 elementor-1020\">\n\t\t\t\t\t\t<section class=\"elementor-section elementor-top-section elementor-element elementor-element-4a4f1fe9 elementor-section-content-middle elementor-section-boxed elementor-section-height-default elementor-section-height-default\" data-id=\"4a4f1fe9\" data-element_type=\"section\" data-e-type=\"section\">\n\t\t\t\t\t\t<div class=\"elementor-container elementor-column-gap-no\">\n\t\t\t\t\t<div class=\"elementor-column elementor-col-50 elementor-top-column elementor-element elementor-element-520e2357\" data-id=\"520e2357\" data-element_type=\"column\" data-e-type=\"column\">\n\t\t\t<div class=\"elementor-widget-wrap elementor-element-populated\">\n\t\t\t\t\t\t<div class=\"elementor-element elementor-element-f35fb67 elementor-widget elementor-widget-image\" data-id=\"f35fb67\" data-element_type=\"widget\" data-e-type=\"widget\" data-widget_type=\"image.default\">\n\t\t\t\t<div class=\"elementor-widget-container\">\n\t\t\t\t\t\t\t\t\t\t\t\t\t\t\t<img loading=\"lazy\" loading=\"lazy\" decoding=\"async\" width=\"2560\" height=\"1707\" src=\"https:\/\/speaktotheworld.ch\/wp-content\/uploads\/2024\/06\/mandats-entreprises-scaled.jpg\" class=\"attachment-full size-full wp-image-5467\" alt=\"\" srcset=\"https:\/\/speaktotheworld.ch\/wp-content\/uploads\/2024\/06\/mandats-entreprises-scaled.jpg 2560w, https:\/\/speaktotheworld.ch\/wp-content\/uploads\/2024\/06\/mandats-entreprises-scaled-600x400.jpg 600w\" sizes=\"auto, (max-width: 2560px) 100vw, 2560px\" \/>\t\t\t\t\t\t\t\t\t\t\t\t\t\t\t<\/div>\n\t\t\t\t<\/div>\n\t\t\t\t\t<\/div>\n\t\t<\/div>\n\t\t\t\t<div class=\"elementor-column elementor-col-50 elementor-top-column elementor-element elementor-element-67d8dd41\" data-id=\"67d8dd41\" data-element_type=\"column\" data-e-type=\"column\">\n\t\t\t<div class=\"elementor-widget-wrap elementor-element-populated\">\n\t\t\t\t\t\t<div class=\"elementor-element elementor-element-4b19407b elementor-widget elementor-widget-heading\" data-id=\"4b19407b\" data-element_type=\"widget\" data-e-type=\"widget\" data-widget_type=\"heading.default\">\n\t\t\t\t<div class=\"elementor-widget-container\">\n\t\t\t\t\t<h2 class=\"elementor-heading-title elementor-size-default\">Mandate in Unternehmen<\/h2>\t\t\t\t<\/div>\n\t\t\t\t<\/div>\n\t\t\t\t<div class=\"elementor-element elementor-element-53a2313a elementor-widget elementor-widget-text-editor\" data-id=\"53a2313a\" data-element_type=\"widget\" data-e-type=\"widget\" data-widget_type=\"text-editor.default\">\n\t\t\t\t<div class=\"elementor-widget-container\">\n\t\t\t\t\t\t\t\t\t<p>Entdecken Sie unser neues Angebot: Fremdsprachenkurse (Franz\u00f6sisch, Englisch, Spanisch und Portugiesisch), die speziell auf multinationale Unternehmen zugeschnitten sind.<\/p>\n<p>Egal, ob Sie ein gro\u00dfes Team oder eine Einzelperson sind, diese Kurse k\u00f6nnen entweder als Pr\u00e4senzunterricht oder online durchgef\u00fchrt werden, je nachdem, was Sie bevorzugen.<\/p>\n\t\t\t\t\t\t\t\t<\/div>\n\t\t\t\t<\/div>\n\t\t\t\t<section class=\"elementor-section elementor-inner-section elementor-element elementor-element-2e013bf elementor-section-boxed elementor-section-height-default elementor-section-height-default\" data-id=\"2e013bf\" data-element_type=\"section\" data-e-type=\"section\">\n\t\t\t\t\t\t<div class=\"elementor-container elementor-column-gap-no\">\n\t\t\t\t\t<div class=\"elementor-column elementor-col-50 elementor-inner-column elementor-element elementor-element-208bf0b3\" data-id=\"208bf0b3\" data-element_type=\"column\" data-e-type=\"column\">\n\t\t\t<div class=\"elementor-widget-wrap elementor-element-populated\">\n\t\t\t\t\t\t<div class=\"elementor-element elementor-element-7b857fc2 elementor-align-start elementor-icon-list--layout-traditional elementor-list-item-link-full_width elementor-widget elementor-widget-icon-list\" data-id=\"7b857fc2\" data-element_type=\"widget\" data-e-type=\"widget\" data-widget_type=\"icon-list.default\">\n\t\t\t\t<div class=\"elementor-widget-container\">\n\t\t\t\t\t\t\t<ul class=\"elementor-icon-list-items\">\n\t\t\t\t\t\t\t<li class=\"elementor-icon-list-item\">\n\t\t\t\t\t\t\t\t\t\t\t<span class=\"elementor-icon-list-icon\">\n\t\t\t\t\t\t\t<i aria-hidden=\"true\" class=\"et-icon et-checked\"><\/i>\t\t\t\t\t\t<\/span>\n\t\t\t\t\t\t\t\t\t\t<span class=\"elementor-icon-list-text\">Franz\u00f6sisch<\/span>\n\t\t\t\t\t\t\t\t\t<\/li>\n\t\t\t\t\t\t\t\t<li class=\"elementor-icon-list-item\">\n\t\t\t\t\t\t\t\t\t\t\t<span class=\"elementor-icon-list-icon\">\n\t\t\t\t\t\t\t<i aria-hidden=\"true\" class=\"et-icon et-checked\"><\/i>\t\t\t\t\t\t<\/span>\n\t\t\t\t\t\t\t\t\t\t<span class=\"elementor-icon-list-text\">Englisch<\/span>\n\t\t\t\t\t\t\t\t\t<\/li>\n\t\t\t\t\t\t\t\t<li class=\"elementor-icon-list-item\">\n\t\t\t\t\t\t\t\t\t\t\t<span class=\"elementor-icon-list-icon\">\n\t\t\t\t\t\t\t<i aria-hidden=\"true\" class=\"et-icon et-checked\"><\/i>\t\t\t\t\t\t<\/span>\n\t\t\t\t\t\t\t\t\t\t<span class=\"elementor-icon-list-text\">Spanisch<\/span>\n\t\t\t\t\t\t\t\t\t<\/li>\n\t\t\t\t\t\t<\/ul>\n\t\t\t\t\t\t<\/div>\n\t\t\t\t<\/div>\n\t\t\t\t\t<\/div>\n\t\t<\/div>\n\t\t\t\t<div class=\"elementor-column elementor-col-50 elementor-inner-column elementor-element elementor-element-6812e1d7\" data-id=\"6812e1d7\" data-element_type=\"column\" data-e-type=\"column\">\n\t\t\t<div class=\"elementor-widget-wrap elementor-element-populated\">\n\t\t\t\t\t\t<div class=\"elementor-element elementor-element-4060755 elementor-align-start elementor-icon-list--layout-traditional elementor-list-item-link-full_width elementor-widget elementor-widget-icon-list\" data-id=\"4060755\" data-element_type=\"widget\" data-e-type=\"widget\" data-widget_type=\"icon-list.default\">\n\t\t\t\t<div class=\"elementor-widget-container\">\n\t\t\t\t\t\t\t<ul class=\"elementor-icon-list-items\">\n\t\t\t\t\t\t\t<li class=\"elementor-icon-list-item\">\n\t\t\t\t\t\t\t\t\t\t\t<span class=\"elementor-icon-list-icon\">\n\t\t\t\t\t\t\t<i aria-hidden=\"true\" class=\"et-icon et-checked\"><\/i>\t\t\t\t\t\t<\/span>\n\t\t\t\t\t\t\t\t\t\t<span class=\"elementor-icon-list-text\">Portugiesisch (BR)<\/span>\n\t\t\t\t\t\t\t\t\t<\/li>\n\t\t\t\t\t\t<\/ul>\n\t\t\t\t\t\t<\/div>\n\t\t\t\t<\/div>\n\t\t\t\t\t<\/div>\n\t\t<\/div>\n\t\t\t\t\t<\/div>\n\t\t<\/section>\n\t\t\t\t<div class=\"elementor-element elementor-element-6077262a elementor-widget elementor-widget-button\" data-id=\"6077262a\" data-element_type=\"widget\" data-e-type=\"widget\" data-widget_type=\"button.default\">\n\t\t\t\t<div class=\"elementor-widget-container\">\n\t\t\t\t\t\t\t\t\t<div class=\"elementor-button-wrapper\">\n\t\t\t\t\t<a class=\"elementor-button elementor-button-link elementor-size-md\" href=\"https:\/\/speaktotheworld.ch\/de\/produkt\/mandate-in-unternehmen\/\">\n\t\t\t\t\t\t<span class=\"elementor-button-content-wrapper\">\n\t\t\t\t\t\t<span class=\"elementor-button-icon\">\n\t\t\t\t\t\t\t<\/span>\n\t\t\t\t\t\t\t\t\t<span class=\"elementor-button-text\">Details anzeigen<\/span>\n\t\t\t\t\t<\/span>\n\t\t\t\t\t<\/a>\n\t\t\t\t<\/div>\n\t\t\t\t\t\t\t\t<\/div>\n\t\t\t\t<\/div>\n\t\t\t\t\t<\/div>\n\t\t<\/div>\n\t\t\t\t\t<\/div>\n\t\t<\/section>\n\t\t\t\t<\/div>\n\t\t                    <\/div>\n\t\t\t\t            <\/div>\n        <\/div>\n\t\t\t\t\t\t<\/div>\n\t\t\t\t<\/div>\n\t\t\t\t\t<\/div>\n\t\t<\/div>\n\t\t\t\t\t<\/div>\n\t\t<\/section>\n\t\t\t\t<section class=\"elementor-section elementor-top-section elementor-element elementor-element-0d626df elementor-section-content-middle elementor-section-stretched elementor-section-boxed elementor-section-height-default elementor-section-height-default\" data-id=\"0d626df\" data-element_type=\"section\" data-e-type=\"section\" data-settings=\"{&quot;stretch_section&quot;:&quot;section-stretched&quot;,&quot;background_background&quot;:&quot;classic&quot;}\">\n\t\t\t\t\t\t<div class=\"elementor-container elementor-column-gap-no\">\n\t\t\t\t\t<div class=\"elementor-column elementor-col-50 elementor-top-column elementor-element elementor-element-d61fce1 elementor-invisible\" data-id=\"d61fce1\" data-element_type=\"column\" data-e-type=\"column\" data-settings=\"{&quot;animation&quot;:&quot;fadeInLeft&quot;}\">\n\t\t\t<div class=\"elementor-widget-wrap elementor-element-populated\">\n\t\t\t\t\t\t<div class=\"elementor-element elementor-element-f29abc5 elementor-widget elementor-widget-heading\" data-id=\"f29abc5\" data-element_type=\"widget\" data-e-type=\"widget\" data-widget_type=\"heading.default\">\n\t\t\t\t<div class=\"elementor-widget-container\">\n\t\t\t\t\t<h2 class=\"elementor-heading-title elementor-size-default\">Spanischkurse im Kanton Neuch\u00e2tel<\/h2>\t\t\t\t<\/div>\n\t\t\t\t<\/div>\n\t\t\t\t<div class=\"elementor-element elementor-element-67284c8 elementor-widget elementor-widget-heading\" data-id=\"67284c8\" data-element_type=\"widget\" data-e-type=\"widget\" data-widget_type=\"heading.default\">\n\t\t\t\t<div class=\"elementor-widget-container\">\n\t\t\t\t\t<span class=\"elementor-heading-title elementor-size-default\"><span class=\"active\">Lernmethodologie<\/span><\/span>\t\t\t\t<\/div>\n\t\t\t\t<\/div>\n\t\t\t\t<div class=\"elementor-element elementor-element-92a6a80 elementor-widget__width-initial elementor-widget elementor-widget-text-editor\" data-id=\"92a6a80\" data-element_type=\"widget\" data-e-type=\"widget\" data-widget_type=\"text-editor.default\">\n\t\t\t\t<div class=\"elementor-widget-container\">\n\t\t\t\t\t\t\t\t\t<p>Spanisch ist eine der am weitesten verbreiteten Sprachen der Welt und wird nicht nur in Spanien, Mittel- und Lateinamerika gesprochen, wobei Kastilisch den vierten Platz unter den am h\u00e4ufigsten verwendeten Idiomen einnimmt. Seine Beherrschung kann aufgrund der vielen grammatikalischen Regeln und des reichen Wortschatzes kompliziert erscheinen.<\/p>\n<p>In Neuch\u00e2tel biete ich innovative und dynamische Spanischkurse an, die das Erlernen der Sprache durch meine OPAH-Methode erleichtern. W\u00e4hrend des gesamten Kurses gehen wir vom m\u00fcndlichen Austausch aus, um die L\u00fccken zu identifizieren, an denen wir mit spezifischen Lektionen arbeiten.<\/p>\n<p>Der Lernende erh\u00e4lt eine Reihe von Kursen, die vollst\u00e4ndig auf ihn zugeschnitten sind, damit er in seinem eigenen Tempo und in vollem Vertrauen Fortschritte machen kann.<\/p>\n\t\t\t\t\t\t\t\t<\/div>\n\t\t\t\t<\/div>\n\t\t\t\t<div class=\"elementor-element elementor-element-464e2f6 elementor-widget elementor-widget-button\" data-id=\"464e2f6\" data-element_type=\"widget\" data-e-type=\"widget\" data-widget_type=\"button.default\">\n\t\t\t\t<div class=\"elementor-widget-container\">\n\t\t\t\t\t\t\t\t\t<div class=\"elementor-button-wrapper\">\n\t\t\t\t\t<a class=\"elementor-button elementor-button-link elementor-size-sm elementor-animation-skew-forward\" href=\"https:\/\/speaktotheworld.ch\/de\/kontaktieren-sie-uns\/\">\n\t\t\t\t\t\t<span class=\"elementor-button-content-wrapper\">\n\t\t\t\t\t\t<span class=\"elementor-button-icon\">\n\t\t\t\t<i aria-hidden=\"true\" class=\"et-icon et-right-arrow-2\"><\/i>\t\t\t<\/span>\n\t\t\t\t\t\t\t\t\t<span class=\"elementor-button-text\">Kontakt<\/span>\n\t\t\t\t\t<\/span>\n\t\t\t\t\t<\/a>\n\t\t\t\t<\/div>\n\t\t\t\t\t\t\t\t<\/div>\n\t\t\t\t<\/div>\n\t\t\t\t\t<\/div>\n\t\t<\/div>\n\t\t\t\t<div class=\"elementor-column elementor-col-50 elementor-top-column elementor-element elementor-element-a6a088e elementor-invisible\" data-id=\"a6a088e\" data-element_type=\"column\" data-e-type=\"column\" data-settings=\"{&quot;animation&quot;:&quot;fadeInRight&quot;}\">\n\t\t\t<div class=\"elementor-widget-wrap elementor-element-populated\">\n\t\t\t\t\t\t<div class=\"elementor-element elementor-element-48e6e55 elementor-widget elementor-widget-image\" data-id=\"48e6e55\" data-element_type=\"widget\" data-e-type=\"widget\" data-widget_type=\"image.default\">\n\t\t\t\t<div class=\"elementor-widget-container\">\n\t\t\t\t\t\t\t\t\t\t\t\t\t\t\t<img loading=\"lazy\" loading=\"lazy\" decoding=\"async\" width=\"1528\" height=\"2048\" src=\"https:\/\/speaktotheworld.ch\/wp-content\/uploads\/2024\/04\/cours-espagnol-Neuchatel.jpg\" class=\"attachment-2048x2048 size-2048x2048 wp-image-4943\" alt=\"cours espagnol Neuch\u00e2tel\" srcset=\"https:\/\/speaktotheworld.ch\/wp-content\/uploads\/2024\/04\/cours-espagnol-Neuchatel.jpg 1528w, https:\/\/speaktotheworld.ch\/wp-content\/uploads\/2024\/04\/cours-espagnol-Neuchatel-600x804.jpg 600w, https:\/\/speaktotheworld.ch\/wp-content\/uploads\/2024\/04\/cours-espagnol-Neuchatel-224x300.jpg 224w, https:\/\/speaktotheworld.ch\/wp-content\/uploads\/2024\/04\/cours-espagnol-Neuchatel-764x1024.jpg 764w, https:\/\/speaktotheworld.ch\/wp-content\/uploads\/2024\/04\/cours-espagnol-Neuchatel-768x1029.jpg 768w, https:\/\/speaktotheworld.ch\/wp-content\/uploads\/2024\/04\/cours-espagnol-Neuchatel-1146x1536.jpg 1146w, https:\/\/speaktotheworld.ch\/wp-content\/uploads\/2024\/04\/cours-espagnol-Neuchatel-1x1.jpg 1w, https:\/\/speaktotheworld.ch\/wp-content\/uploads\/2024\/04\/cours-espagnol-Neuchatel-7x10.jpg 7w\" sizes=\"auto, (max-width: 1528px) 100vw, 1528px\" \/>\t\t\t\t\t\t\t\t\t\t\t\t\t\t\t<\/div>\n\t\t\t\t<\/div>\n\t\t\t\t\t<\/div>\n\t\t<\/div>\n\t\t\t\t\t<\/div>\n\t\t<\/section>\n\t\t\t\t<section class=\"elementor-section elementor-top-section elementor-element elementor-element-1da0d73 elementor-section-stretched elementor-hidden-desktop elementor-hidden-tablet elementor-hidden-mobile elementor-section-boxed elementor-section-height-default elementor-section-height-default elementor-invisible\" data-id=\"1da0d73\" data-element_type=\"section\" data-e-type=\"section\" data-settings=\"{&quot;animation&quot;:&quot;fadeInUp&quot;,&quot;stretch_section&quot;:&quot;section-stretched&quot;}\">\n\t\t\t\t\t\t<div class=\"elementor-container elementor-column-gap-no\">\n\t\t\t\t\t<div class=\"elementor-column elementor-col-100 elementor-top-column elementor-element elementor-element-a1b6e85\" data-id=\"a1b6e85\" data-element_type=\"column\" data-e-type=\"column\">\n\t\t\t<div class=\"elementor-widget-wrap elementor-element-populated\">\n\t\t\t\t\t\t<div class=\"elementor-element elementor-element-98b4607 elementor-widget elementor-widget-heading\" data-id=\"98b4607\" data-element_type=\"widget\" data-e-type=\"widget\" data-widget_type=\"heading.default\">\n\t\t\t\t<div class=\"elementor-widget-container\">\n\t\t\t\t\t<h2 class=\"elementor-heading-title elementor-size-default\">Franz\u00f6sischkurse im Kanton Neuch\u00e2tel<\/h2>\t\t\t\t<\/div>\n\t\t\t\t<\/div>\n\t\t\t\t<div class=\"elementor-element elementor-element-c899c0e elementor-widget elementor-widget-heading\" data-id=\"c899c0e\" data-element_type=\"widget\" data-e-type=\"widget\" data-widget_type=\"heading.default\">\n\t\t\t\t<div class=\"elementor-widget-container\">\n\t\t\t\t\t<span class=\"elementor-heading-title elementor-size-default\">Entwickeln Sie Ihr Selbstvertrauen <span class=\"active\">in Franz\u00f6sisch <\/span> <\/span>\t\t\t\t<\/div>\n\t\t\t\t<\/div>\n\t\t\t\t<div class=\"elementor-element elementor-element-38a8dfa elementor-widget__width-initial elementor-widget-tablet__width-inherit elementor-widget elementor-widget-text-editor\" data-id=\"38a8dfa\" data-element_type=\"widget\" data-e-type=\"widget\" data-widget_type=\"text-editor.default\">\n\t\t\t\t<div class=\"elementor-widget-container\">\n\t\t\t\t\t\t\t\t\t<p>Lernen Sie Franz\u00f6sisch und kommunizieren Sie selbstbewusst mit der Welt. Kontaktieren Sie mich, um Ihren ersten Franz\u00f6sischkurs in Neuch\u00e2tel zu buchen.<\/p>\n\t\t\t\t\t\t\t\t<\/div>\n\t\t\t\t<\/div>\n\t\t\t\t<div class=\"elementor-element elementor-element-08acd56 elementor-align-center elementor-widget elementor-widget-button\" data-id=\"08acd56\" data-element_type=\"widget\" data-e-type=\"widget\" data-widget_type=\"button.default\">\n\t\t\t\t<div class=\"elementor-widget-container\">\n\t\t\t\t\t\t\t\t\t<div class=\"elementor-button-wrapper\">\n\t\t\t\t\t<a class=\"elementor-button elementor-button-link elementor-size-md\" href=\"https:\/\/speaktotheworld.ch\/de\/kontaktieren-sie-uns\/\">\n\t\t\t\t\t\t<span class=\"elementor-button-content-wrapper\">\n\t\t\t\t\t\t<span class=\"elementor-button-icon\">\n\t\t\t\t<i aria-hidden=\"true\" class=\"et-icon et-right-arrow-2\"><\/i>\t\t\t<\/span>\n\t\t\t\t\t\t\t\t\t<span class=\"elementor-button-text\">Kontakt<\/span>\n\t\t\t\t\t<\/span>\n\t\t\t\t\t<\/a>\n\t\t\t\t<\/div>\n\t\t\t\t\t\t\t\t<\/div>\n\t\t\t\t<\/div>\n\t\t\t\t\t<\/div>\n\t\t<\/div>\n\t\t\t\t\t<\/div>\n\t\t<\/section>\n\t\t\t\t<section class=\"elementor-section elementor-top-section elementor-element elementor-element-f919d1b elementor-section-content-middle elementor-section-stretched elementor-section-boxed elementor-section-height-default elementor-section-height-default\" data-id=\"f919d1b\" data-element_type=\"section\" data-e-type=\"section\" data-settings=\"{&quot;stretch_section&quot;:&quot;section-stretched&quot;,&quot;background_background&quot;:&quot;classic&quot;}\">\n\t\t\t\t\t\t<div class=\"elementor-container elementor-column-gap-no\">\n\t\t\t\t\t<div class=\"elementor-column elementor-col-50 elementor-top-column elementor-element elementor-element-a92c173 elementor-invisible\" data-id=\"a92c173\" data-element_type=\"column\" data-e-type=\"column\" data-settings=\"{&quot;animation&quot;:&quot;fadeInLeft&quot;}\">\n\t\t\t<div class=\"elementor-widget-wrap elementor-element-populated\">\n\t\t\t\t\t\t<div class=\"elementor-element elementor-element-a17009e elementor-widget elementor-widget-heading\" data-id=\"a17009e\" data-element_type=\"widget\" data-e-type=\"widget\" data-widget_type=\"heading.default\">\n\t\t\t\t<div class=\"elementor-widget-container\">\n\t\t\t\t\t<div class=\"elementor-heading-title elementor-size-default\">Was unsere <span class=\"active\">Sch\u00fclerinnen<\/span> und Sch\u00fcler denken<\/div>\t\t\t\t<\/div>\n\t\t\t\t<\/div>\n\t\t\t\t<div class=\"elementor-element elementor-element-abc5d74 elementor-widget elementor-widget-text-editor\" data-id=\"abc5d74\" data-element_type=\"widget\" data-e-type=\"widget\" data-widget_type=\"text-editor.default\">\n\t\t\t\t<div class=\"elementor-widget-container\">\n\t\t\t\t\t\t\t\t\t<p>St\u00f6bern Sie in den Erfahrungsberichten unserer Sch\u00fclerinnen und Sch\u00fcler und erfahren Sie, wie unsere Kurse ihre Sprachkenntnisse ver\u00e4ndert und ihr pers\u00f6nliches und berufliches Leben bereichert haben.<\/p>\n\t\t\t\t\t\t\t\t<\/div>\n\t\t\t\t<\/div>\n\t\t\t\t<div class=\"elementor-element elementor-element-4080be9 elementor-widget elementor-widget-button\" data-id=\"4080be9\" data-element_type=\"widget\" data-e-type=\"widget\" data-widget_type=\"button.default\">\n\t\t\t\t<div class=\"elementor-widget-container\">\n\t\t\t\t\t\t\t\t\t<div class=\"elementor-button-wrapper\">\n\t\t\t\t\t<a class=\"elementor-button elementor-button-link elementor-size-sm elementor-animation-skew-forward\" href=\"https:\/\/speaktotheworld.ch\/de\/shop\/\">\n\t\t\t\t\t\t<span class=\"elementor-button-content-wrapper\">\n\t\t\t\t\t\t<span class=\"elementor-button-icon\">\n\t\t\t\t<i aria-hidden=\"true\" class=\"et-icon et-right-arrow-2\"><\/i>\t\t\t<\/span>\n\t\t\t\t\t\t\t\t\t<span class=\"elementor-button-text\">Kursliste ansehen<\/span>\n\t\t\t\t\t<\/span>\n\t\t\t\t\t<\/a>\n\t\t\t\t<\/div>\n\t\t\t\t\t\t\t\t<\/div>\n\t\t\t\t<\/div>\n\t\t\t\t\t<\/div>\n\t\t<\/div>\n\t\t\t\t<div class=\"elementor-column elementor-col-50 elementor-top-column elementor-element elementor-element-643cbb1 elementor-invisible\" data-id=\"643cbb1\" data-element_type=\"column\" data-e-type=\"column\" data-settings=\"{&quot;animation&quot;:&quot;fadeInRight&quot;}\">\n\t\t\t<div class=\"elementor-widget-wrap elementor-element-populated\">\n\t\t\t\t\t\t<div class=\"elementor-element elementor-element-df5131f elementor-widget elementor-widget-testimonials\" data-id=\"df5131f\" data-element_type=\"widget\" data-e-type=\"widget\" data-settings=\"{&quot;slides_per_view&quot;:&quot;1&quot;,&quot;space_between&quot;:{&quot;unit&quot;:&quot;px&quot;,&quot;size&quot;:20,&quot;sizes&quot;:[]},&quot;space_between_tablet&quot;:{&quot;unit&quot;:&quot;px&quot;,&quot;size&quot;:&quot;&quot;,&quot;sizes&quot;:[]},&quot;space_between_mobile&quot;:{&quot;unit&quot;:&quot;px&quot;,&quot;size&quot;:&quot;&quot;,&quot;sizes&quot;:[]},&quot;loop&quot;:&quot;yes&quot;,&quot;navigation&quot;:&quot;arrows&quot;}\" data-widget_type=\"testimonials.default\">\n\t\t\t\t<div class=\"elementor-widget-container\">\n\t\t\t\t\t\n            <div class=\"etheme-testimonials etheme-elementor-swiper-entry swiper-entry middle-inbox arrows-hover\">\n\n                \n                <div class=\"swiper etheme-elementor-slider\" dir=\"ltr\">\n\n                    <div class=\"swiper-wrapper\">\n\n                        <div class=\"swiper-slide\">\n                            <div class=\"testimonial style-2\">\n\n                                <div class=\"content-wrapper\">\n\n                                    \n                                    <div class=\"inner-content\">\n\n                                                                        <span class=\"content\">                            <svg class=\"quotes\" width=\".75em\" height=\".62em\" viewBox=\"0 0 75 62\" fill=\"none\" xmlns=\"http:\/\/www.w3.org\/2000\/svg\">\n                                <path d=\"M58.5 61.8C53.9 61.8 50 60.1 46.8 56.7C43.6 53.1 42 48.3 42 42.3C42 33.7 43.3 26.7 45.9 21.3C48.5 15.7 51.4 11.3 54.6 8.09999C58.2 4.49999 62.5 1.79999 67.5 -1.14441e-05L70.5 4.8C67.1 6.39999 64.1 8.29999 61.5 10.5C59.3 12.5 57.2 14.9 55.2 17.7C53.4 20.3 52.5 23.5 52.5 27.3C52.5 28.7 52.7 29.8 53.1 30.6C53.3 31.2 53.6 31.6 54 31.8C54.4 31.6 55 31.4 55.8 31.2C56.4 31 57 30.8 57.6 30.6C58.4 30.4 59.2 30.3 60 30.3C64.6 30.3 68.2 31.7 70.8 34.5C73.6 37.1 75 40.7 75 45.3C75 49.9 73.4 53.8 70.2 57C67 60.2 63.1 61.8 58.5 61.8ZM16.5 61.8C11.9 61.8 8 60.1 4.8 56.7C1.6 53.1 8.49366e-07 48.3 8.49366e-07 42.3C8.49366e-07 33.7 1.3 26.7 3.9 21.3C6.5 15.7 9.4 11.3 12.6 8.09999C16.2 4.49999 20.5 1.79999 25.5 -1.14441e-05L28.5 4.8C25.1 6.39999 22.1 8.29999 19.5 10.5C17.3 12.5 15.2 14.9 13.2 17.7C11.4 20.3 10.5 23.5 10.5 27.3C10.5 28.7 10.7 29.8 11.1 30.6C11.3 31.2 11.6 31.6 12 31.8C12.4 31.6 13 31.4 13.8 31.2C14.4 31 15 30.8 15.6 30.6C16.4 30.4 17.2 30.3 18 30.3C22.6 30.3 26.2 31.7 28.8 34.5C31.6 37.1 33 40.7 33 45.3C33 49.9 31.4 53.8 28.2 57C25 60.2 21.1 61.8 16.5 61.8Z\" fill=\"currentColor\"><\/path>\n                            <\/svg>\n                            <p>Seit einigen Monaten nehme ich Einzelunterricht bei Nicole Durand. Sie geht auf meine W\u00fcnsche und Bed\u00fcrfnisse ein und bietet mir lebendige Sitzungen an, die sich auf die Alltagskonversation konzentrieren, aber auch unverzichtbare Grammatikkenntnisse einbeziehen. Sie entspricht somit voll und ganz meinen Erwartungen.<\/p>\n<\/span>\n                                                                                        <span class=\"name\">Sandra<\/span>\n                                                            <span class=\"star-rating-wrapper\"><span class=\"star-rating\"><span style=\"width: 100%\"><\/span><\/span><\/span>\n                                                            <span class=\"country\">Besucht den Portugiesischkurs<\/span>\n                                                        \n                                    <\/div>\n\n                                    \n                                <\/div>\n\n                            <\/div>\n\n                            <\/div>                        <div class=\"swiper-slide\">\n                            <div class=\"testimonial style-2\">\n\n                                <div class=\"content-wrapper\">\n\n                                    \n                                    <div class=\"inner-content\">\n\n                                                                        <span class=\"content\">                            <svg class=\"quotes\" width=\".75em\" height=\".62em\" viewBox=\"0 0 75 62\" fill=\"none\" xmlns=\"http:\/\/www.w3.org\/2000\/svg\">\n                                <path d=\"M58.5 61.8C53.9 61.8 50 60.1 46.8 56.7C43.6 53.1 42 48.3 42 42.3C42 33.7 43.3 26.7 45.9 21.3C48.5 15.7 51.4 11.3 54.6 8.09999C58.2 4.49999 62.5 1.79999 67.5 -1.14441e-05L70.5 4.8C67.1 6.39999 64.1 8.29999 61.5 10.5C59.3 12.5 57.2 14.9 55.2 17.7C53.4 20.3 52.5 23.5 52.5 27.3C52.5 28.7 52.7 29.8 53.1 30.6C53.3 31.2 53.6 31.6 54 31.8C54.4 31.6 55 31.4 55.8 31.2C56.4 31 57 30.8 57.6 30.6C58.4 30.4 59.2 30.3 60 30.3C64.6 30.3 68.2 31.7 70.8 34.5C73.6 37.1 75 40.7 75 45.3C75 49.9 73.4 53.8 70.2 57C67 60.2 63.1 61.8 58.5 61.8ZM16.5 61.8C11.9 61.8 8 60.1 4.8 56.7C1.6 53.1 8.49366e-07 48.3 8.49366e-07 42.3C8.49366e-07 33.7 1.3 26.7 3.9 21.3C6.5 15.7 9.4 11.3 12.6 8.09999C16.2 4.49999 20.5 1.79999 25.5 -1.14441e-05L28.5 4.8C25.1 6.39999 22.1 8.29999 19.5 10.5C17.3 12.5 15.2 14.9 13.2 17.7C11.4 20.3 10.5 23.5 10.5 27.3C10.5 28.7 10.7 29.8 11.1 30.6C11.3 31.2 11.6 31.6 12 31.8C12.4 31.6 13 31.4 13.8 31.2C14.4 31 15 30.8 15.6 30.6C16.4 30.4 17.2 30.3 18 30.3C22.6 30.3 26.2 31.7 28.8 34.5C31.6 37.1 33 40.7 33 45.3C33 49.9 31.4 53.8 28.2 57C25 60.2 21.1 61.8 16.5 61.8Z\" fill=\"currentColor\"><\/path>\n                            <\/svg>\n                            <p>Nicole ist nicht nur kompetent, sondern bringt auch viel Freude, Leidenschaft und Herzblut in ihren Unterricht ein, ich kann sie nur weiterempfehlen.<\/p>\n<\/span>\n                                                                                        <span class=\"name\">No\u00e9mie<\/span>\n                                                            <span class=\"star-rating-wrapper\"><span class=\"star-rating\"><span style=\"width: 100%\"><\/span><\/span><\/span>\n                                                            <span class=\"country\">Besucht den Portugiesischkurs<\/span>\n                                                        \n                                    <\/div>\n\n                                    \n                                <\/div>\n\n                            <\/div>\n\n                            <\/div>                        <div class=\"swiper-slide\">\n                            <div class=\"testimonial style-2\">\n\n                                <div class=\"content-wrapper\">\n\n                                    \n                                    <div class=\"inner-content\">\n\n                                                                        <span class=\"content\">                            <svg class=\"quotes\" width=\".75em\" height=\".62em\" viewBox=\"0 0 75 62\" fill=\"none\" xmlns=\"http:\/\/www.w3.org\/2000\/svg\">\n                                <path d=\"M58.5 61.8C53.9 61.8 50 60.1 46.8 56.7C43.6 53.1 42 48.3 42 42.3C42 33.7 43.3 26.7 45.9 21.3C48.5 15.7 51.4 11.3 54.6 8.09999C58.2 4.49999 62.5 1.79999 67.5 -1.14441e-05L70.5 4.8C67.1 6.39999 64.1 8.29999 61.5 10.5C59.3 12.5 57.2 14.9 55.2 17.7C53.4 20.3 52.5 23.5 52.5 27.3C52.5 28.7 52.7 29.8 53.1 30.6C53.3 31.2 53.6 31.6 54 31.8C54.4 31.6 55 31.4 55.8 31.2C56.4 31 57 30.8 57.6 30.6C58.4 30.4 59.2 30.3 60 30.3C64.6 30.3 68.2 31.7 70.8 34.5C73.6 37.1 75 40.7 75 45.3C75 49.9 73.4 53.8 70.2 57C67 60.2 63.1 61.8 58.5 61.8ZM16.5 61.8C11.9 61.8 8 60.1 4.8 56.7C1.6 53.1 8.49366e-07 48.3 8.49366e-07 42.3C8.49366e-07 33.7 1.3 26.7 3.9 21.3C6.5 15.7 9.4 11.3 12.6 8.09999C16.2 4.49999 20.5 1.79999 25.5 -1.14441e-05L28.5 4.8C25.1 6.39999 22.1 8.29999 19.5 10.5C17.3 12.5 15.2 14.9 13.2 17.7C11.4 20.3 10.5 23.5 10.5 27.3C10.5 28.7 10.7 29.8 11.1 30.6C11.3 31.2 11.6 31.6 12 31.8C12.4 31.6 13 31.4 13.8 31.2C14.4 31 15 30.8 15.6 30.6C16.4 30.4 17.2 30.3 18 30.3C22.6 30.3 26.2 31.7 28.8 34.5C31.6 37.1 33 40.7 33 45.3C33 49.9 31.4 53.8 28.2 57C25 60.2 21.1 61.8 16.5 61.8Z\" fill=\"currentColor\"><\/path>\n                            <\/svg>\n                            <p>Ich lerne seit zwei Jahren Englisch und Deutsch mit Nicole und es macht mir wirklich viel Spa\u00df, ihren Unterricht zu besuchen. Man hat nicht das Gef\u00fchl, in einem Kurs zu sitzen und Stoff lernen zu m\u00fcssen, den man sp\u00e4ter tadellos beherrschen muss. Das Sch\u00f6ne ist, dass man lernt, was man kann und was man lernen muss. Es basiert mehr auf einem intuitiven Zugang zur Sprache. Auch als Anf\u00e4nger ist es leicht, durch diese Art des Lernens Fortschritte zu machen. Man lernt durch einfache Diskussionen, die im Laufe der Zeit komplexer werden, je nachdem, wie man sich entwickelt. <\/p>\n<\/span>\n                                                                                        <span class=\"name\">Olga<\/span>\n                                                            <span class=\"star-rating-wrapper\"><span class=\"star-rating\"><span style=\"width: 100%\"><\/span><\/span><\/span>\n                                                        \n                                    <\/div>\n\n                                    \n                                <\/div>\n\n                            <\/div>\n\n                            <\/div>                        <div class=\"swiper-slide\">\n                            <div class=\"testimonial style-2\">\n\n                                <div class=\"content-wrapper\">\n\n                                    \n                                    <div class=\"inner-content\">\n\n                                                                        <span class=\"content\">                            <svg class=\"quotes\" width=\".75em\" height=\".62em\" viewBox=\"0 0 75 62\" fill=\"none\" xmlns=\"http:\/\/www.w3.org\/2000\/svg\">\n                                <path d=\"M58.5 61.8C53.9 61.8 50 60.1 46.8 56.7C43.6 53.1 42 48.3 42 42.3C42 33.7 43.3 26.7 45.9 21.3C48.5 15.7 51.4 11.3 54.6 8.09999C58.2 4.49999 62.5 1.79999 67.5 -1.14441e-05L70.5 4.8C67.1 6.39999 64.1 8.29999 61.5 10.5C59.3 12.5 57.2 14.9 55.2 17.7C53.4 20.3 52.5 23.5 52.5 27.3C52.5 28.7 52.7 29.8 53.1 30.6C53.3 31.2 53.6 31.6 54 31.8C54.4 31.6 55 31.4 55.8 31.2C56.4 31 57 30.8 57.6 30.6C58.4 30.4 59.2 30.3 60 30.3C64.6 30.3 68.2 31.7 70.8 34.5C73.6 37.1 75 40.7 75 45.3C75 49.9 73.4 53.8 70.2 57C67 60.2 63.1 61.8 58.5 61.8ZM16.5 61.8C11.9 61.8 8 60.1 4.8 56.7C1.6 53.1 8.49366e-07 48.3 8.49366e-07 42.3C8.49366e-07 33.7 1.3 26.7 3.9 21.3C6.5 15.7 9.4 11.3 12.6 8.09999C16.2 4.49999 20.5 1.79999 25.5 -1.14441e-05L28.5 4.8C25.1 6.39999 22.1 8.29999 19.5 10.5C17.3 12.5 15.2 14.9 13.2 17.7C11.4 20.3 10.5 23.5 10.5 27.3C10.5 28.7 10.7 29.8 11.1 30.6C11.3 31.2 11.6 31.6 12 31.8C12.4 31.6 13 31.4 13.8 31.2C14.4 31 15 30.8 15.6 30.6C16.4 30.4 17.2 30.3 18 30.3C22.6 30.3 26.2 31.7 28.8 34.5C31.6 37.1 33 40.7 33 45.3C33 49.9 31.4 53.8 28.2 57C25 60.2 21.1 61.8 16.5 61.8Z\" fill=\"currentColor\"><\/path>\n                            <\/svg>\n                            <p>Am Anfang war ich bei dem Gedanken, Englisch zu sprechen, wirklich sch\u00fcchtern. Doch schon in den ersten Minuten mit Nicole \u00e4nderte sich alles. Sie hat eine unglaubliche Art, den Unterricht angemessen und fesselnd zu gestalten, wobei sie den Schwerpunkt auf die m\u00fcndliche Praxis legt. Mit ihr ist jede Unterrichtsstunde ein neues Abenteuer: Man lernt mit Spa\u00df und vergisst fast, dass es sich um einen Kurs handelt. Was wirklich top ist, ist die Flexibilit\u00e4t der Kurse, mit der M\u00f6glichkeit, sie online oder zu Hause zu absolvieren. Ich mache Fortschritte und mein Vertrauen in die englische Sprache wird von Tag zu Tag besser, und die Angst ist der Freude am Lernen gewichen. Nicole hat meine Bef\u00fcrchtungen in eine bahnbrechende Lernerfahrung verwandelt!<\/p>\n<\/span>\n                                                                                        <span class=\"name\">Laurent<\/span>\n                                                            <span class=\"star-rating-wrapper\"><span class=\"star-rating\"><span style=\"width: 100%\"><\/span><\/span><\/span>\n                                                        \n                                    <\/div>\n\n                                    \n                                <\/div>\n\n                            <\/div>\n\n                            <\/div>                        <div class=\"swiper-slide\">\n                            <div class=\"testimonial style-2\">\n\n                                <div class=\"content-wrapper\">\n\n                                    \n                                    <div class=\"inner-content\">\n\n                                                                        <span class=\"content\">                            <svg class=\"quotes\" width=\".75em\" height=\".62em\" viewBox=\"0 0 75 62\" fill=\"none\" xmlns=\"http:\/\/www.w3.org\/2000\/svg\">\n                                <path d=\"M58.5 61.8C53.9 61.8 50 60.1 46.8 56.7C43.6 53.1 42 48.3 42 42.3C42 33.7 43.3 26.7 45.9 21.3C48.5 15.7 51.4 11.3 54.6 8.09999C58.2 4.49999 62.5 1.79999 67.5 -1.14441e-05L70.5 4.8C67.1 6.39999 64.1 8.29999 61.5 10.5C59.3 12.5 57.2 14.9 55.2 17.7C53.4 20.3 52.5 23.5 52.5 27.3C52.5 28.7 52.7 29.8 53.1 30.6C53.3 31.2 53.6 31.6 54 31.8C54.4 31.6 55 31.4 55.8 31.2C56.4 31 57 30.8 57.6 30.6C58.4 30.4 59.2 30.3 60 30.3C64.6 30.3 68.2 31.7 70.8 34.5C73.6 37.1 75 40.7 75 45.3C75 49.9 73.4 53.8 70.2 57C67 60.2 63.1 61.8 58.5 61.8ZM16.5 61.8C11.9 61.8 8 60.1 4.8 56.7C1.6 53.1 8.49366e-07 48.3 8.49366e-07 42.3C8.49366e-07 33.7 1.3 26.7 3.9 21.3C6.5 15.7 9.4 11.3 12.6 8.09999C16.2 4.49999 20.5 1.79999 25.5 -1.14441e-05L28.5 4.8C25.1 6.39999 22.1 8.29999 19.5 10.5C17.3 12.5 15.2 14.9 13.2 17.7C11.4 20.3 10.5 23.5 10.5 27.3C10.5 28.7 10.7 29.8 11.1 30.6C11.3 31.2 11.6 31.6 12 31.8C12.4 31.6 13 31.4 13.8 31.2C14.4 31 15 30.8 15.6 30.6C16.4 30.4 17.2 30.3 18 30.3C22.6 30.3 26.2 31.7 28.8 34.5C31.6 37.1 33 40.7 33 45.3C33 49.9 31.4 53.8 28.2 57C25 60.2 21.1 61.8 16.5 61.8Z\" fill=\"currentColor\"><\/path>\n                            <\/svg>\n                            <p>Da ich seit \u00fcber einem Jahr von Nicole im Englischunterricht betreut werde, bin ich mit ihrer Arbeit voll und ganz zufrieden. Ich habe mich enorm verbessert und mache sehr schnell gro\u00dfe Fortschritte. Nicole ist eine engagierte, kompetente, zuh\u00f6rende und geduldige Person. Sie wei\u00df auch, wie man sich bei uns wohlf\u00fchlt und passt sich den Bed\u00fcrfnissen jedes Einzelnen an.<br \/>Diese Kurse sind interessant und innovativ mit einer sehr guten Lernmethode. Ich kann sie nur empfehlen!<\/p>\n<\/span>\n                                                                                        <span class=\"name\">Oksana<\/span>\n                                                            <span class=\"star-rating-wrapper\"><span class=\"star-rating\"><span style=\"width: 100%\"><\/span><\/span><\/span>\n                                                            <span class=\"country\">Besucht den Englischkurs<\/span>\n                                                        \n                                    <\/div>\n\n                                    \n                                <\/div>\n\n                            <\/div>\n\n                            <\/div>                                            <\/div> \t\t<div class=\"swiper-button-prev swiper-custom-left et-swiper-elementor-nav type-arrow style-4\"><\/div>\n\t\t<div class=\"swiper-button-next swiper-custom-right et-swiper-elementor-nav type-arrow style-4\"><\/div>\n\t\t\n                <\/div> \n            <\/div>\n\n            \t\t\t\t<\/div>\n\t\t\t\t<\/div>\n\t\t\t\t\t<\/div>\n\t\t<\/div>\n\t\t\t\t\t<\/div>\n\t\t<\/section>\n\t\t\t\t<section class=\"elementor-section elementor-top-section elementor-element elementor-element-d7099e2 elementor-section-content-middle elementor-section-stretched elementor-section-boxed elementor-section-height-default elementor-section-height-default\" data-id=\"d7099e2\" data-element_type=\"section\" data-e-type=\"section\" data-settings=\"{&quot;stretch_section&quot;:&quot;section-stretched&quot;}\">\n\t\t\t\t\t\t<div class=\"elementor-container elementor-column-gap-no\">\n\t\t\t\t\t<div class=\"elementor-column elementor-col-50 elementor-top-column elementor-element elementor-element-ced5fed elementor-invisible\" data-id=\"ced5fed\" data-element_type=\"column\" data-e-type=\"column\" data-settings=\"{&quot;animation&quot;:&quot;fadeInLeft&quot;}\">\n\t\t\t<div class=\"elementor-widget-wrap elementor-element-populated\">\n\t\t\t\t\t\t<div class=\"elementor-element elementor-element-e1bb49f elementor-widget elementor-widget-heading\" data-id=\"e1bb49f\" data-element_type=\"widget\" data-e-type=\"widget\" data-widget_type=\"heading.default\">\n\t\t\t\t<div class=\"elementor-widget-container\">\n\t\t\t\t\t<h2 class=\"elementor-heading-title elementor-size-default\">Spanischkurse Neuch\u00e2tel<\/h2>\t\t\t\t<\/div>\n\t\t\t\t<\/div>\n\t\t\t\t<div class=\"elementor-element elementor-element-70fc76b elementor-widget elementor-widget-heading\" data-id=\"70fc76b\" data-element_type=\"widget\" data-e-type=\"widget\" data-widget_type=\"heading.default\">\n\t\t\t\t<div class=\"elementor-widget-container\">\n\t\t\t\t\t<span class=\"elementor-heading-title elementor-size-default\">Intensiv-Workshop: <span class=\"active\">Sprache und Kultur<\/span><\/span>\t\t\t\t<\/div>\n\t\t\t\t<\/div>\n\t\t\t\t<div class=\"elementor-element elementor-element-400aed8 elementor-widget__width-initial elementor-widget elementor-widget-text-editor\" data-id=\"400aed8\" data-element_type=\"widget\" data-e-type=\"widget\" data-widget_type=\"text-editor.default\">\n\t\t\t\t<div class=\"elementor-widget-container\">\n\t\t\t\t\t\t\t\t\t<p>Die Spanischkurse in Neuch\u00e2tel zeichnen sich durch mein Verst\u00e4ndnis f\u00fcr die Herausforderungen aus, die jeder Lernende in seiner Muttersprache hat. Ich passe den Unterricht an Ihr Niveau, Ihre Erwartungen und Ihre Ziele an.<\/p>\n<p>Aufgrund meiner eigenen Lernerfahrung in vier Fremdsprachen habe ich eine innovative Methode, OPAH (O=oral, P=pers\u00f6nlich, A=aktiv, H=menschlich), entwickelt, bei der der Schwerpunkt auf Kommunikation und Sprechen liegt. Dieser Ansatz bietet Ihnen konkrete Werkzeuge, um Ihr Selbstvertrauen zu st\u00e4rken und sich auf Spanisch frei auszudr\u00fccken.<\/p>\n\t\t\t\t\t\t\t\t<\/div>\n\t\t\t\t<\/div>\n\t\t\t\t<div class=\"elementor-element elementor-element-0160ab3 elementor-widget elementor-widget-button\" data-id=\"0160ab3\" data-element_type=\"widget\" data-e-type=\"widget\" data-widget_type=\"button.default\">\n\t\t\t\t<div class=\"elementor-widget-container\">\n\t\t\t\t\t\t\t\t\t<div class=\"elementor-button-wrapper\">\n\t\t\t\t\t<a class=\"elementor-button elementor-button-link elementor-size-sm elementor-animation-skew-forward\" href=\"https:\/\/speaktotheworld.ch\/de\/kontaktieren-sie-uns\/\">\n\t\t\t\t\t\t<span class=\"elementor-button-content-wrapper\">\n\t\t\t\t\t\t<span class=\"elementor-button-icon\">\n\t\t\t\t<i aria-hidden=\"true\" class=\"et-icon et-right-arrow-2\"><\/i>\t\t\t<\/span>\n\t\t\t\t\t\t\t\t\t<span class=\"elementor-button-text\">Kontakt<\/span>\n\t\t\t\t\t<\/span>\n\t\t\t\t\t<\/a>\n\t\t\t\t<\/div>\n\t\t\t\t\t\t\t\t<\/div>\n\t\t\t\t<\/div>\n\t\t\t\t\t<\/div>\n\t\t<\/div>\n\t\t\t\t<div class=\"elementor-column elementor-col-50 elementor-top-column elementor-element elementor-element-95de82f elementor-invisible\" data-id=\"95de82f\" data-element_type=\"column\" data-e-type=\"column\" data-settings=\"{&quot;animation&quot;:&quot;fadeInRight&quot;}\">\n\t\t\t<div class=\"elementor-widget-wrap elementor-element-populated\">\n\t\t\t\t\t\t<div class=\"elementor-element elementor-element-3848135 elementor-absolute elementor-widget elementor-widget-image\" data-id=\"3848135\" data-element_type=\"widget\" data-e-type=\"widget\" data-settings=\"{&quot;_position&quot;:&quot;absolute&quot;}\" data-widget_type=\"image.default\">\n\t\t\t\t<div class=\"elementor-widget-container\">\n\t\t\t\t\t\t\t\t\t\t\t\t\t\t\t<img loading=\"lazy\" loading=\"lazy\" decoding=\"async\" width=\"707\" height=\"577\" src=\"https:\/\/speaktotheworld.ch\/wp-content\/uploads\/2021\/02\/bg-02.jpg\" class=\"attachment-large size-large wp-image-2597\" alt=\"fond vide\" srcset=\"https:\/\/speaktotheworld.ch\/wp-content\/uploads\/2021\/02\/bg-02.jpg 707w, https:\/\/speaktotheworld.ch\/wp-content\/uploads\/2021\/02\/bg-02-600x490.jpg 600w\" sizes=\"auto, (max-width: 707px) 100vw, 707px\" \/>\t\t\t\t\t\t\t\t\t\t\t\t\t\t\t<\/div>\n\t\t\t\t<\/div>\n\t\t\t\t<div class=\"elementor-element elementor-element-264cc71 elementor-widget elementor-widget-image\" data-id=\"264cc71\" data-element_type=\"widget\" data-e-type=\"widget\" data-widget_type=\"image.default\">\n\t\t\t\t<div class=\"elementor-widget-container\">\n\t\t\t\t\t\t\t\t\t\t\t\t\t\t\t<img loading=\"lazy\" loading=\"lazy\" decoding=\"async\" width=\"1365\" height=\"2048\" src=\"https:\/\/speaktotheworld.ch\/wp-content\/uploads\/2024\/04\/apprentissage-de-lespagnol-canton-de-neuchatel.jpg\" class=\"attachment-2048x2048 size-2048x2048 wp-image-4948\" alt=\"apprentissage de l&#039;espagnol canton de neuchatel\" srcset=\"https:\/\/speaktotheworld.ch\/wp-content\/uploads\/2024\/04\/apprentissage-de-lespagnol-canton-de-neuchatel.jpg 1365w, https:\/\/speaktotheworld.ch\/wp-content\/uploads\/2024\/04\/apprentissage-de-lespagnol-canton-de-neuchatel-600x900.jpg 600w, https:\/\/speaktotheworld.ch\/wp-content\/uploads\/2024\/04\/apprentissage-de-lespagnol-canton-de-neuchatel-200x300.jpg 200w, https:\/\/speaktotheworld.ch\/wp-content\/uploads\/2024\/04\/apprentissage-de-lespagnol-canton-de-neuchatel-683x1024.jpg 683w, https:\/\/speaktotheworld.ch\/wp-content\/uploads\/2024\/04\/apprentissage-de-lespagnol-canton-de-neuchatel-768x1152.jpg 768w, https:\/\/speaktotheworld.ch\/wp-content\/uploads\/2024\/04\/apprentissage-de-lespagnol-canton-de-neuchatel-1024x1536.jpg 1024w, https:\/\/speaktotheworld.ch\/wp-content\/uploads\/2024\/04\/apprentissage-de-lespagnol-canton-de-neuchatel-1x1.jpg 1w, https:\/\/speaktotheworld.ch\/wp-content\/uploads\/2024\/04\/apprentissage-de-lespagnol-canton-de-neuchatel-7x10.jpg 7w\" sizes=\"auto, (max-width: 1365px) 100vw, 1365px\" \/>\t\t\t\t\t\t\t\t\t\t\t\t\t\t\t<\/div>\n\t\t\t\t<\/div>\n\t\t\t\t\t<\/div>\n\t\t<\/div>\n\t\t\t\t\t<\/div>\n\t\t<\/section>\n\t\t\t\t<section class=\"elementor-section elementor-top-section elementor-element elementor-element-c58b1b7 elementor-section-boxed elementor-section-height-default elementor-section-height-default\" data-id=\"c58b1b7\" data-element_type=\"section\" data-e-type=\"section\">\n\t\t\t\t\t\t<div class=\"elementor-container elementor-column-gap-no\">\n\t\t\t\t\t<div class=\"elementor-column elementor-col-100 elementor-top-column elementor-element elementor-element-3e61cdb\" data-id=\"3e61cdb\" data-element_type=\"column\" data-e-type=\"column\">\n\t\t\t<div class=\"elementor-widget-wrap elementor-element-populated\">\n\t\t\t\t\t\t<div class=\"elementor-element elementor-element-3d98798 elementor-widget elementor-widget-image\" data-id=\"3d98798\" data-element_type=\"widget\" data-e-type=\"widget\" data-widget_type=\"image.default\">\n\t\t\t\t<div class=\"elementor-widget-container\">\n\t\t\t\t\t\t\t\t\t\t\t\t\t\t\t<img loading=\"lazy\" loading=\"lazy\" decoding=\"async\" width=\"1200\" height=\"8\" src=\"https:\/\/speaktotheworld.ch\/wp-content\/uploads\/2021\/02\/separator.jpg\" class=\"attachment-full size-full wp-image-2593\" alt=\"separateur\" srcset=\"https:\/\/speaktotheworld.ch\/wp-content\/uploads\/2021\/02\/separator.jpg 1200w, https:\/\/speaktotheworld.ch\/wp-content\/uploads\/2021\/02\/separator-600x4.jpg 600w\" sizes=\"auto, (max-width: 1200px) 100vw, 1200px\" \/>\t\t\t\t\t\t\t\t\t\t\t\t\t\t\t<\/div>\n\t\t\t\t<\/div>\n\t\t\t\t\t<\/div>\n\t\t<\/div>\n\t\t\t\t\t<\/div>\n\t\t<\/section>\n\t\t\t\t<section class=\"elementor-section elementor-top-section elementor-element elementor-element-9e2d55a elementor-section-stretched elementor-section-boxed elementor-section-height-default elementor-section-height-default elementor-invisible\" data-id=\"9e2d55a\" data-element_type=\"section\" data-e-type=\"section\" data-settings=\"{&quot;animation&quot;:&quot;fadeInDown&quot;,&quot;stretch_section&quot;:&quot;section-stretched&quot;}\">\n\t\t\t\t\t\t<div class=\"elementor-container elementor-column-gap-no\">\n\t\t\t\t\t<div class=\"elementor-column elementor-col-100 elementor-top-column elementor-element elementor-element-3e9bc09\" data-id=\"3e9bc09\" data-element_type=\"column\" data-e-type=\"column\" data-settings=\"{&quot;background_background&quot;:&quot;classic&quot;}\">\n\t\t\t<div class=\"elementor-widget-wrap elementor-element-populated\">\n\t\t\t\t\t\t<div class=\"elementor-element elementor-element-d3723ae elementor-widget elementor-widget-heading\" data-id=\"d3723ae\" data-element_type=\"widget\" data-e-type=\"widget\" data-widget_type=\"heading.default\">\n\t\t\t\t<div class=\"elementor-widget-container\">\n\t\t\t\t\t<div class=\"elementor-heading-title elementor-size-default\">Faq<\/div>\t\t\t\t<\/div>\n\t\t\t\t<\/div>\n\t\t\t\t<div class=\"elementor-element elementor-element-736e4f3 elementor-widget elementor-widget-accordion\" data-id=\"736e4f3\" data-element_type=\"widget\" data-e-type=\"widget\" data-widget_type=\"accordion.default\">\n\t\t\t\t<div class=\"elementor-widget-container\">\n\t\t\t\t\t\t\t<div class=\"elementor-accordion\">\n\t\t\t\t\t\t\t<div class=\"elementor-accordion-item\">\n\t\t\t\t\t<h3 id=\"elementor-tab-title-1211\" class=\"elementor-tab-title\" data-tab=\"1\" role=\"button\" aria-controls=\"elementor-tab-content-1211\" aria-expanded=\"false\">\n\t\t\t\t\t\t\t\t\t\t\t\t<a class=\"elementor-accordion-title\" tabindex=\"0\">Wie beginnt man mit dem Erlernen der spanischen Sprache?<\/a>\n\t\t\t\t\t<\/h3>\n\t\t\t\t\t<div id=\"elementor-tab-content-1211\" class=\"elementor-tab-content elementor-clearfix\" data-tab=\"1\" role=\"region\" aria-labelledby=\"elementor-tab-title-1211\"><p><a href=\"https:\/\/www.rts.ch\/info\/suisse\/8067995-deux-tiers-des-suisses-utilisent-au-moins-deux-langues-par-semaine.html\" target=\"_blank\" rel=\"noopener\">Das Erlernen der spanischen<\/a> Sprache beginnt mit der Phonetik und dem Wortschatz.<\/p>\n<\/div>\n\t\t\t\t<\/div>\n\t\t\t\t\t\t\t<div class=\"elementor-accordion-item\">\n\t\t\t\t\t<h3 id=\"elementor-tab-title-1212\" class=\"elementor-tab-title\" data-tab=\"2\" role=\"button\" aria-controls=\"elementor-tab-content-1212\" aria-expanded=\"false\">\n\t\t\t\t\t\t\t\t\t\t\t\t<a class=\"elementor-accordion-title\" tabindex=\"0\">Ist es m\u00f6glich, in 3 Monaten Spanisch zu lernen?  <\/a>\n\t\t\t\t\t<\/h3>\n\t\t\t\t\t<div id=\"elementor-tab-content-1212\" class=\"elementor-tab-content elementor-clearfix\" data-tab=\"2\" role=\"region\" aria-labelledby=\"elementor-tab-title-1212\"><p>Wenn Sie nicht in einer spanischsprachigen Umgebung leben, m\u00fcssen Sie mehrere Monate f\u00fcr einen intensiven Kurs einplanen, um die Grundlagen zu beherrschen und einfach kommunizieren zu k\u00f6nnen. Um in k\u00fcrzerer Zeit hervorragende Ergebnisse zu erzielen, wird intensiver Einzelunterricht empfohlen.<\/p>\n<p class=\"whitespace-pre-wrap break-words\">Dennoch ist es eine gro\u00dfe Herausforderung, Spanisch in nur drei Monaten zu lernen, selbst mit einem Privatlehrer. Ein solch kurzer Zeitraum w\u00fcrde eine massive Investition in Form von t\u00e4glicher pers\u00f6nlicher Arbeit und zus\u00e4tzlicher intensiver Praxis erfordern. Ihr Lehrer kann Sie mit geeigneten Empfehlungen unterst\u00fctzen, aber die Hauptlast liegt auf Ihren Schultern.<\/p>\n<p class=\"whitespace-pre-wrap break-words\">Sie m\u00fcssen mehrere Stunden pro Tag f\u00fcr Grammatik, Vokabular, Konjugation und \u00dcbungen aufwenden. Gleichzeitig sollten Sie so weit wie m\u00f6glich in die Sprache eintauchen, indem Sie spanische Inhalte lesen, h\u00f6ren und sehen und so oft wie m\u00f6glich Konversation betreiben. Eine Sprachreise von einem Monat oder mehr kann Ihren Fortschritt ebenfalls beschleunigen. Schlie\u00dflich sind eine hohe Motivation und eine schnelle Lernf\u00e4higkeit von entscheidender Bedeutung, um die Grundlagen der Konversation in nur drei Monaten wirklich zu beherrschen.<\/p>\n<\/div>\n\t\t\t\t<\/div>\n\t\t\t\t\t\t\t<div class=\"elementor-accordion-item\">\n\t\t\t\t\t<h3 id=\"elementor-tab-title-1213\" class=\"elementor-tab-title\" data-tab=\"3\" role=\"button\" aria-controls=\"elementor-tab-content-1213\" aria-expanded=\"false\">\n\t\t\t\t\t\t\t\t\t\t\t\t<a class=\"elementor-accordion-title\" tabindex=\"0\">Die Vorteile, Spanisch zu lernen, wenn Sie in der Schweiz leben<\/a>\n\t\t\t\t\t<\/h3>\n\t\t\t\t\t<div id=\"elementor-tab-content-1213\" class=\"elementor-tab-content elementor-clearfix\" data-tab=\"3\" role=\"region\" aria-labelledby=\"elementor-tab-title-1213\"><p class=\"whitespace-pre-wrap break-words\">Als <strong>erfahrene Spanischlehrerin<\/strong> kann ich Ihnen versichern, dass das Erlernen dieser Sprache viele Vorteile bietet, wenn man in der Schweiz lebt. Ob Sie ein Kind oder ein Erwachsener sind, Anf\u00e4nger oder Fortgeschrittener, mein pers\u00f6nlicher Unterricht wird Ihren speziellen Bed\u00fcrfnissen entsprechen.<\/p>\n<p class=\"whitespace-pre-wrap break-words\">Zun\u00e4chst einmal <strong>\u00f6ffnet Ihnen die spanische Sprache die T\u00fcren zu einer reichen und aufregenden Kultur<\/strong>. Im Laufe des Kurses lernen Sie nicht nur Grammatik und Texte, sondern auch die notwendigen historischen und kulturellen Informationen kennen. Gespr\u00e4che \u00fcber Tapas, Sangria und lokale Traditionen werden Ihren Unterricht bereichern.<\/p>\n<p class=\"whitespace-pre-wrap break-words\">Im <strong>Berufsleben ist die Beherrschung der spanischen Sprache ein echter Vorteil<\/strong>. Viele Schweizer Unternehmen arbeiten mit Spanien oder Lateinamerika zusammen. Ihre Sprachkenntnisse werden sehr gesch\u00e4tzt und k\u00f6nnen Ihnen helfen, eine Stelle zu finden oder sich beruflich weiterzuentwickeln.<\/p>\n<p class=\"whitespace-pre-wrap break-words\">Au\u00dferdem macht es das Reisen leichter, wenn man Spanisch spricht. Ob Sie nun in Spanien, Mexiko oder einem anderen spanischsprachigen Land Urlaub machen, Sie k\u00f6nnen sich leicht verst\u00e4ndigen und Ihren Aufenthalt ohne Sprachbarrieren genie\u00dfen.<\/p>\n<p class=\"whitespace-pre-wrap break-words\">Mein Unterricht richtet sich an alle Niveaus, von Anf\u00e4ngern bis zu Fortgeschrittenen. Mein p\u00e4dagogischer Ansatz konzentriert sich auf ein nat\u00fcrliches Lernen, das auf Konversation und Austausch basiert. Grammatik und Vokabular stehen nat\u00fcrlich auf dem Programm, aber immer auf pragmatische Weise und in Verbindung mit realen Situationen.<\/p>\n<p class=\"whitespace-pre-wrap break-words\">Ich biete unverbindlichen Einzelunterricht in meinen gem\u00fctlichen R\u00e4umlichkeiten oder bei Ihnen zu Hause an, je nachdem, was Sie bevorzugen. Jeder Sch\u00fcler wird individuell betreut, in dem Tempo, das ihm zusagt, je nach seiner Erfahrung und seinem Lernwillen.<\/p>\n<p class=\"whitespace-pre-wrap break-words\">Z\u00f6gern Sie also nicht l\u00e4nger und melden Sie sich noch heute an! Ob Sie nun aus pers\u00f6nlichen, beruflichen oder beiden Gr\u00fcnden Spanisch lernen m\u00f6chten, <a href=\"https:\/\/www.educacionfpydeportes.gob.es\/suiza\/it_CH\/dam\/jcr:54c9d548-f567-4ca5-ac2f-816eac51c989\/emee-2020-33-suisse.pdf\" target=\"_blank\" rel=\"noopener\">Spanisch<\/a> wird Ihnen einen bereichernden Einblick in die <a href=\"https:\/\/journals.openedition.org\/hispanismes\/885\" target=\"_blank\" rel=\"noopener\">spanischsprachige<\/a> Welt geben.<\/p>\n<\/div>\n\t\t\t\t<\/div>\n\t\t\t\t\t\t\t\t<\/div>\n\t\t\t\t\t\t<\/div>\n\t\t\t\t<\/div>\n\t\t\t\t\t<\/div>\n\t\t<\/div>\n\t\t\t\t\t<\/div>\n\t\t<\/section>\n\t\t\t\t<\/div>\n\t\t","protected":false},"excerpt":{"rendered":"<p>Spanischkurse Neuch\u00e2tel Speak to the World &#8230; auf Spanisch! Entdecken Sie Privatunterricht f\u00fcr alle Niveaus in Spanisch in Neuch\u00e2tel, der auf einem innovativen Ansatz basiert,<\/p>\n","protected":false},"author":4,"featured_media":0,"parent":0,"menu_order":0,"comment_status":"closed","ping_status":"closed","template":"elementor_header_footer","meta":{"footnotes":""},"class_list":["post-4978","page","type-page","status-publish","hentry"],"yoast_head":"<!-- This site is optimized with the Yoast SEO plugin v27.3 - https:\/\/yoast.com\/product\/yoast-seo-wordpress\/ -->\n<title>Spanischkurse Neuch\u00e2tel | Privatunterricht mit Speak to the world<\/title>\n<meta name=\"description\" content=\"Spanischkurse im Kanton Neuch\u00e2tel f\u00fcr alle Altersgruppen. Lernen Sie die spanische Sprache mit einer einzigartigen Methode im Privatunterricht.\" \/>\n<meta name=\"robots\" content=\"index, follow, max-snippet:-1, max-image-preview:large, max-video-preview:-1\" \/>\n<link rel=\"canonical\" href=\"https:\/\/speaktotheworld.ch\/de\/spanischkurse-neuchatel\/\" \/>\n<meta property=\"og:locale\" content=\"de_DE\" \/>\n<meta property=\"og:type\" content=\"article\" \/>\n<meta property=\"og:title\" content=\"Spanischkurse Neuch\u00e2tel | Privatunterricht mit Speak to the world\" \/>\n<meta property=\"og:description\" content=\"Spanischkurse im Kanton Neuch\u00e2tel f\u00fcr alle Altersgruppen. Lernen Sie die spanische Sprache mit einer einzigartigen Methode im Privatunterricht.\" \/>\n<meta property=\"og:url\" content=\"https:\/\/speaktotheworld.ch\/de\/spanischkurse-neuchatel\/\" \/>\n<meta property=\"og:site_name\" content=\"Speak to the world\" \/>\n<meta property=\"article:modified_time\" content=\"2024-04-19T20:43:29+00:00\" \/>\n<meta property=\"og:image\" content=\"https:\/\/speaktotheworld.ch\/wp-content\/uploads\/2023\/12\/Orange13-1365x2048.jpg\" \/>\n<meta name=\"twitter:card\" content=\"summary_large_image\" \/>\n<meta name=\"twitter:label1\" content=\"Gesch\u00e4tzte Lesezeit\" \/>\n\t<meta name=\"twitter:data1\" content=\"8\u00a0Minuten\" \/>\n<script type=\"application\/ld+json\" class=\"yoast-schema-graph\">{\"@context\":\"https:\\\/\\\/schema.org\",\"@graph\":[{\"@type\":\"WebPage\",\"@id\":\"https:\\\/\\\/speaktotheworld.ch\\\/de\\\/spanischkurse-neuchatel\\\/\",\"url\":\"https:\\\/\\\/speaktotheworld.ch\\\/de\\\/spanischkurse-neuchatel\\\/\",\"name\":\"Spanischkurse Neuch\u00e2tel | Privatunterricht mit Speak to the world\",\"isPartOf\":{\"@id\":\"https:\\\/\\\/speaktotheworld.ch\\\/de\\\/#website\"},\"primaryImageOfPage\":{\"@id\":\"https:\\\/\\\/speaktotheworld.ch\\\/de\\\/spanischkurse-neuchatel\\\/#primaryimage\"},\"image\":{\"@id\":\"https:\\\/\\\/speaktotheworld.ch\\\/de\\\/spanischkurse-neuchatel\\\/#primaryimage\"},\"thumbnailUrl\":\"https:\\\/\\\/speaktotheworld.ch\\\/wp-content\\\/uploads\\\/2023\\\/12\\\/Orange13-1365x2048.jpg\",\"datePublished\":\"2024-04-16T09:47:53+00:00\",\"dateModified\":\"2024-04-19T20:43:29+00:00\",\"description\":\"Spanischkurse im Kanton Neuch\u00e2tel f\u00fcr alle Altersgruppen. Lernen Sie die spanische Sprache mit einer einzigartigen Methode im Privatunterricht.\",\"breadcrumb\":{\"@id\":\"https:\\\/\\\/speaktotheworld.ch\\\/de\\\/spanischkurse-neuchatel\\\/#breadcrumb\"},\"inLanguage\":\"de\",\"potentialAction\":[{\"@type\":\"ReadAction\",\"target\":[\"https:\\\/\\\/speaktotheworld.ch\\\/de\\\/spanischkurse-neuchatel\\\/\"]}]},{\"@type\":\"ImageObject\",\"inLanguage\":\"de\",\"@id\":\"https:\\\/\\\/speaktotheworld.ch\\\/de\\\/spanischkurse-neuchatel\\\/#primaryimage\",\"url\":\"https:\\\/\\\/speaktotheworld.ch\\\/wp-content\\\/uploads\\\/2023\\\/12\\\/Orange13-1365x2048.jpg\",\"contentUrl\":\"https:\\\/\\\/speaktotheworld.ch\\\/wp-content\\\/uploads\\\/2023\\\/12\\\/Orange13-1365x2048.jpg\"},{\"@type\":\"BreadcrumbList\",\"@id\":\"https:\\\/\\\/speaktotheworld.ch\\\/de\\\/spanischkurse-neuchatel\\\/#breadcrumb\",\"itemListElement\":[{\"@type\":\"ListItem\",\"position\":1,\"name\":\"Accueil\",\"item\":\"https:\\\/\\\/speaktotheworld.ch\\\/de\\\/\"},{\"@type\":\"ListItem\",\"position\":2,\"name\":\"Spanischkurse Neuch\u00e2tel\"}]},{\"@type\":\"WebSite\",\"@id\":\"https:\\\/\\\/speaktotheworld.ch\\\/de\\\/#website\",\"url\":\"https:\\\/\\\/speaktotheworld.ch\\\/de\\\/\",\"name\":\"Speak to the world\",\"description\":\"\",\"publisher\":{\"@id\":\"https:\\\/\\\/speaktotheworld.ch\\\/de\\\/#organization\"},\"alternateName\":\"Speak to the world\",\"potentialAction\":[{\"@type\":\"SearchAction\",\"target\":{\"@type\":\"EntryPoint\",\"urlTemplate\":\"https:\\\/\\\/speaktotheworld.ch\\\/de\\\/?s={search_term_string}\"},\"query-input\":{\"@type\":\"PropertyValueSpecification\",\"valueRequired\":true,\"valueName\":\"search_term_string\"}}],\"inLanguage\":\"de\"},{\"@type\":\"Organization\",\"@id\":\"https:\\\/\\\/speaktotheworld.ch\\\/de\\\/#organization\",\"name\":\"Speak to the world\",\"url\":\"https:\\\/\\\/speaktotheworld.ch\\\/de\\\/\",\"logo\":{\"@type\":\"ImageObject\",\"inLanguage\":\"de\",\"@id\":\"https:\\\/\\\/speaktotheworld.ch\\\/de\\\/#\\\/schema\\\/logo\\\/image\\\/\",\"url\":\"https:\\\/\\\/speaktotheworld.ch\\\/wp-content\\\/uploads\\\/2023\\\/09\\\/7219a61d-3523-4e36-b066-6413484aa469-removebg-preview.png\",\"contentUrl\":\"https:\\\/\\\/speaktotheworld.ch\\\/wp-content\\\/uploads\\\/2023\\\/09\\\/7219a61d-3523-4e36-b066-6413484aa469-removebg-preview.png\",\"width\":869,\"height\":287,\"caption\":\"Speak to the world\"},\"image\":{\"@id\":\"https:\\\/\\\/speaktotheworld.ch\\\/de\\\/#\\\/schema\\\/logo\\\/image\\\/\"},\"sameAs\":[\"https:\\\/\\\/www.instagram.com\\\/speaktotheworld.ch\\\/\"]}]}<\/script>\n<!-- \/ Yoast SEO plugin. -->","yoast_head_json":{"title":"Spanischkurse Neuch\u00e2tel | Privatunterricht mit Speak to the world","description":"Spanischkurse im Kanton Neuch\u00e2tel f\u00fcr alle Altersgruppen. Lernen Sie die spanische Sprache mit einer einzigartigen Methode im Privatunterricht.","robots":{"index":"index","follow":"follow","max-snippet":"max-snippet:-1","max-image-preview":"max-image-preview:large","max-video-preview":"max-video-preview:-1"},"canonical":"https:\/\/speaktotheworld.ch\/de\/spanischkurse-neuchatel\/","og_locale":"de_DE","og_type":"article","og_title":"Spanischkurse Neuch\u00e2tel | Privatunterricht mit Speak to the world","og_description":"Spanischkurse im Kanton Neuch\u00e2tel f\u00fcr alle Altersgruppen. Lernen Sie die spanische Sprache mit einer einzigartigen Methode im Privatunterricht.","og_url":"https:\/\/speaktotheworld.ch\/de\/spanischkurse-neuchatel\/","og_site_name":"Speak to the world","article_modified_time":"2024-04-19T20:43:29+00:00","og_image":[{"url":"https:\/\/speaktotheworld.ch\/wp-content\/uploads\/2023\/12\/Orange13-1365x2048.jpg","type":"","width":"","height":""}],"twitter_card":"summary_large_image","twitter_misc":{"Gesch\u00e4tzte Lesezeit":"8\u00a0Minuten"},"schema":{"@context":"https:\/\/schema.org","@graph":[{"@type":"WebPage","@id":"https:\/\/speaktotheworld.ch\/de\/spanischkurse-neuchatel\/","url":"https:\/\/speaktotheworld.ch\/de\/spanischkurse-neuchatel\/","name":"Spanischkurse Neuch\u00e2tel | Privatunterricht mit Speak to the world","isPartOf":{"@id":"https:\/\/speaktotheworld.ch\/de\/#website"},"primaryImageOfPage":{"@id":"https:\/\/speaktotheworld.ch\/de\/spanischkurse-neuchatel\/#primaryimage"},"image":{"@id":"https:\/\/speaktotheworld.ch\/de\/spanischkurse-neuchatel\/#primaryimage"},"thumbnailUrl":"https:\/\/speaktotheworld.ch\/wp-content\/uploads\/2023\/12\/Orange13-1365x2048.jpg","datePublished":"2024-04-16T09:47:53+00:00","dateModified":"2024-04-19T20:43:29+00:00","description":"Spanischkurse im Kanton Neuch\u00e2tel f\u00fcr alle Altersgruppen. Lernen Sie die spanische Sprache mit einer einzigartigen Methode im Privatunterricht.","breadcrumb":{"@id":"https:\/\/speaktotheworld.ch\/de\/spanischkurse-neuchatel\/#breadcrumb"},"inLanguage":"de","potentialAction":[{"@type":"ReadAction","target":["https:\/\/speaktotheworld.ch\/de\/spanischkurse-neuchatel\/"]}]},{"@type":"ImageObject","inLanguage":"de","@id":"https:\/\/speaktotheworld.ch\/de\/spanischkurse-neuchatel\/#primaryimage","url":"https:\/\/speaktotheworld.ch\/wp-content\/uploads\/2023\/12\/Orange13-1365x2048.jpg","contentUrl":"https:\/\/speaktotheworld.ch\/wp-content\/uploads\/2023\/12\/Orange13-1365x2048.jpg"},{"@type":"BreadcrumbList","@id":"https:\/\/speaktotheworld.ch\/de\/spanischkurse-neuchatel\/#breadcrumb","itemListElement":[{"@type":"ListItem","position":1,"name":"Accueil","item":"https:\/\/speaktotheworld.ch\/de\/"},{"@type":"ListItem","position":2,"name":"Spanischkurse Neuch\u00e2tel"}]},{"@type":"WebSite","@id":"https:\/\/speaktotheworld.ch\/de\/#website","url":"https:\/\/speaktotheworld.ch\/de\/","name":"Speak to the world","description":"","publisher":{"@id":"https:\/\/speaktotheworld.ch\/de\/#organization"},"alternateName":"Speak to the world","potentialAction":[{"@type":"SearchAction","target":{"@type":"EntryPoint","urlTemplate":"https:\/\/speaktotheworld.ch\/de\/?s={search_term_string}"},"query-input":{"@type":"PropertyValueSpecification","valueRequired":true,"valueName":"search_term_string"}}],"inLanguage":"de"},{"@type":"Organization","@id":"https:\/\/speaktotheworld.ch\/de\/#organization","name":"Speak to the world","url":"https:\/\/speaktotheworld.ch\/de\/","logo":{"@type":"ImageObject","inLanguage":"de","@id":"https:\/\/speaktotheworld.ch\/de\/#\/schema\/logo\/image\/","url":"https:\/\/speaktotheworld.ch\/wp-content\/uploads\/2023\/09\/7219a61d-3523-4e36-b066-6413484aa469-removebg-preview.png","contentUrl":"https:\/\/speaktotheworld.ch\/wp-content\/uploads\/2023\/09\/7219a61d-3523-4e36-b066-6413484aa469-removebg-preview.png","width":869,"height":287,"caption":"Speak to the world"},"image":{"@id":"https:\/\/speaktotheworld.ch\/de\/#\/schema\/logo\/image\/"},"sameAs":["https:\/\/www.instagram.com\/speaktotheworld.ch\/"]}]}},"_links":{"self":[{"href":"https:\/\/speaktotheworld.ch\/de\/wp-json\/wp\/v2\/pages\/4978","targetHints":{"allow":["GET"]}}],"collection":[{"href":"https:\/\/speaktotheworld.ch\/de\/wp-json\/wp\/v2\/pages"}],"about":[{"href":"https:\/\/speaktotheworld.ch\/de\/wp-json\/wp\/v2\/types\/page"}],"author":[{"embeddable":true,"href":"https:\/\/speaktotheworld.ch\/de\/wp-json\/wp\/v2\/users\/4"}],"replies":[{"embeddable":true,"href":"https:\/\/speaktotheworld.ch\/de\/wp-json\/wp\/v2\/comments?post=4978"}],"version-history":[{"count":1,"href":"https:\/\/speaktotheworld.ch\/de\/wp-json\/wp\/v2\/pages\/4978\/revisions"}],"predecessor-version":[{"id":4979,"href":"https:\/\/speaktotheworld.ch\/de\/wp-json\/wp\/v2\/pages\/4978\/revisions\/4979"}],"wp:attachment":[{"href":"https:\/\/speaktotheworld.ch\/de\/wp-json\/wp\/v2\/media?parent=4978"}],"curies":[{"name":"wp","href":"https:\/\/api.w.org\/{rel}","templated":true}]}}